{"id":3,"date":"2021-11-24T09:20:53","date_gmt":"2021-11-24T08:20:53","guid":{"rendered":"http:\/\/serwer2104646.home.pl\/autoinstalator\/wordpressplugins2\/?page_id=3"},"modified":"2024-12-10T10:13:13","modified_gmt":"2024-12-10T09:13:13","slug":"polityka-prywatnosci","status":"publish","type":"page","link":"https:\/\/padro-logistics.eu\/de\/polityka-prywatnosci\/","title":{"rendered":"Datenschutz-Bestimmungen"},"content":{"rendered":"<div data-elementor-type=\"wp-page\" data-elementor-id=\"3\" class=\"elementor elementor-3\" data-elementor-settings=\"[]\">\n\t\t\t\t\t\t\t<div class=\"elementor-section-wrap\">\n\t\t\t\t\t\t\t<section class=\"elementor-section elementor-top-section elementor-element elementor-element-2a3cc880 elementor-section-boxed elementor-section-height-default elementor-section-height-default\" data-id=\"2a3cc880\" data-element_type=\"section\">\n\t\t\t\t\t\t<div class=\"elementor-container elementor-column-gap-default\">\n\t\t\t\t\t<div class=\"elementor-column elementor-col-100 elementor-top-column elementor-element elementor-element-18569c7\" data-id=\"18569c7\" data-element_type=\"column\">\n\t\t\t<div class=\"elementor-widget-wrap elementor-element-populated\">\n\t\t\t\t\t\t\t\t<div class=\"elementor-element elementor-element-7131f2a3 elementor-widget elementor-widget-text-editor\" data-id=\"7131f2a3\" data-element_type=\"widget\" data-widget_type=\"text-editor.default\">\n\t\t\t\t<div class=\"elementor-widget-container\">\n\t\t\t\t\t\t\t<h3 style=\"text-align: center;\"><strong>POLITYKA PRYWATNO\u015aCI<\/strong><\/h3><div><br><\/div>\n<p><em>Poni\u017cej przedstawiamy informacje dotycz\u0105ce przetwarzania Twoich danych osobowych. <\/em><em>Padro Logistics sp. z o.o.<\/em><em> przyk\u0142ada du\u017c\u0105 wag\u0119 do ochrony Twoich danych osobowych i ich w\u0142a\u015bciwego przetwarzania. Spo\u015br\u00f3d zamieszczonych poni\u017cej klauzul informacyjnych wybierz t\u0119, kt\u00f3ra Ci\u0119 dotyczy:<\/em><\/p>\n<ol>\n<li><em>osoby kontaktuj\u0105ce si\u0119 <\/em><em>telefonicznie, mailowo, przez formularz kontaktowy z Padro Logistics sp. z o.o.<\/em><\/li>\n<li><em>kontrahenci Padro Logistics sp. z o.o.<\/em><\/li>\n<\/ol>\n<ul>\n<li><em>pracownicy, wsp\u00f3\u0142pracownicy i reprezentanci kontrahent\u00f3w Padro Logistics sp. z o.o.<\/em><\/li>\n<\/ul>\n<ol>\n<li><em>kandydaci do pracy w Padro Logistics sp. z o.o.<\/em><\/li>\n<li><em>u\u017cytkownicy korzystaj\u0105cy <\/em><em>z kana\u0142\u00f3w social media (LinkedIn, Facebook, Instagram)<\/em><\/li>\n<\/ol>\n<p><em>&nbsp;<\/em><\/p>\n<ol>\n<li><strong>Informacje o przetwarzaniu danych osobowych innych os\u00f3b kontaktuj\u0105cych si\u0119 telefonicznie, mailowo, przez formularz kontaktowy z Padro Logistics sp. z o.o.<\/strong><\/li>\n<\/ol>\n<p><em>Informacje zamieszczone poni\u017cej dotycz\u0105 Ci\u0119, je\u017celi kontaktujesz si\u0119 z Padro Logistics sp. z o.o. w jakiejkolwiek sprawie lub je\u017celi to Padro Logistics sp. z o.o. kontaktuje si\u0119 z Tob\u0105 w jakiejkolwiek sprawie. (Je\u017celi jeste\u015b kontrahentem, pracownikiem\/wsp\u00f3\u0142pracownikiem kontrahenta lub kandydatem do pracy, szczeg\u00f3\u0142owe dane dotycz\u0105ce przetwarzania Twoich danych znajdziesz w odpowiedniej cz\u0119\u015bci niniejszej Polityki prywatno\u015bci.)<\/em><\/p>\n<ol>\n<li>Administratorem Twoich danych osobowych jest <strong>Padro Logistics sp. z o.o.<\/strong><strong> z siedzib\u0105 w Chrzanowie<\/strong> ( Kolonia Stella 26, 32-500 Chrzan\u00f3w) (dalej: \u201ePadro\u201d, \u201emy\u201d).<\/li>\n<\/ol>\n<ol start=\"2\">\n<li>Mo\u017cesz si\u0119 z nami skontaktowa\u0107 w nast\u0119puj\u0105cy spos\u00f3b:<\/li>\n<\/ol>\n<ul>\n<li>listownie na adres: Kolonia Stella 26, 32-500 Chrzan\u00f3w<\/li>\n<li>przez e-mail:&nbsp;<a href=\"mailto:padro@padro-logistics.eu\">padro@padro-logistics.eu<\/a><\/li>\n<li>telefonicznie: +48 32&nbsp;307 95 73<\/li>\n<\/ul>\n<ol start=\"3\">\n<li>Padro przetwarza Twoje dane osobowe w celu:<\/li>\n<li>przekazania odpowiedzi na Twoje pytania lub skontaktowania si\u0119 z Tob\u0105. (podstaw\u0105 prawn\u0105 przetwarzania Twoich danych jest prawnie uzasadniony interes Padro polegaj\u0105cy na mo\u017cliwo\u015bci przekazania odpowiedzi na pytanie dotycz\u0105ce dzia\u0142alno\u015bci Padro),<\/li>\n<li>nawi\u0105zania z Tob\u0105 lub z Twoim pracodawc\u0105\/podmiotem, kt\u00f3rego reprezentujesz kontaktu. (podstaw\u0105 prawn\u0105 przetwarzania Twoich danych jest prawnie uzasadniony interes Padro polegaj\u0105cy na nawi\u0105zywaniu i utrzymywaniu relacji w ramach prowadzonej dzia\u0142alno\u015bci gospodarczej).<\/li>\n<\/ol>\n<ol start=\"4\">\n<li>Za po\u015brednictwem formularza kontaktowego umieszczonego na stronie internetowej Padro zbiera nast\u0119puj\u0105ce dane osobowe:<\/li>\n<\/ol>\n<ul>\n<li>nazwisko i imi\u0119<\/li>\n<li>adres e-mail, numer telefonu,<\/li>\n<li>tre\u015b\u0107 przes\u0142anej wiadomo\u015bci,<\/li>\n<li>data i czas przes\u0142ania wiadomo\u015bci.<\/li>\n<\/ul>\n<ol start=\"5\">\n<li>Padro b\u0119dzie przetwarza\u0107 Twoje dane osobowe w okresie utrzymywania z Tob\u0105 bie\u017c\u0105cych relacji i kontakt\u00f3w, a po ustaniu relacji (np. po udzieleniu ostatecznej odpowiedzi na Twoje pytania, przedstawianiu oferty) przez okres 5 lat.<\/li>\n<\/ol>\n<ol start=\"6\">\n<li>Odbiorcami Twoich danych osobowych mog\u0105 by\u0107 podmioty, kt\u00f3rym Padro zleca us\u0142ugi zwi\u0105zane z przetwarzaniem danych osobowych, np. us\u0142ugi IT. Takie podmioty przetwarzaj\u0105 dane na podstawie umowy zawartej z Padro. Nie przekazujemy Twoich danych do Pa\u0144stwa trzeciego lub organizacji mi\u0119dzynarodowej.<\/li>\n<\/ol>\n<ol start=\"7\">\n<li>Podanie danych jest dobrowolne.<\/li>\n<\/ol>\n<ol start=\"8\">\n<li>W zwi\u0105zku z przetwarzaniem przez Padro Twoich danych osobowych przys\u0142uguje Ci:<\/li>\n<li><u>Prawo dost\u0119pu do danych osobowych<\/u><\/li>\n<\/ol>\n<p>Masz prawo do uzyskania od nas potwierdzenia, \u017ce przetwarzamy Twoje dane osobowe oraz uzyskania szczeg\u00f3\u0142owych informacji na temat ich przetwarzania a tak\u017ce do uzyskania kopii danych osobowych.<\/p>\n<ol>\n<li><u>Prawo do sprostowania danych <\/u><\/li>\n<\/ol>\n<p>Masz prawo za\u017c\u0105da\u0107, aby\u015bmy niezw\u0142ocznie sprostowali lub uzupe\u0142nili Twoje dane osobowe, je\u017celi s\u0105 nieprawid\u0142owe lub niekompletne.<\/p>\n<ol>\n<li><u>Prawo do usuni\u0119cia danych<\/u><\/li>\n<\/ol>\n<p>Masz prawo \u017c\u0105da\u0107, \u017ceby\u015bmy niezw\u0142ocznie usun\u0119li Twoje dane w przypadkach wskazanych w przepisach.<\/p>\n<ol>\n<li><u>Prawo do ograniczenia przetwarzania danych osobowych <\/u><\/li>\n<\/ol>\n<p>Masz prawo \u017c\u0105da\u0107,&nbsp; aby\u015bmy&nbsp; ograniczyli&nbsp; przetwarzanie&nbsp; Twoich&nbsp; danych osobowych w przypadkach wskazanych w przepisach.<\/p>\n<ol>\n<li><u>Prawo do przeniesienia danych<\/u><\/li>\n<\/ol>\n<p>Masz prawo, aby otrzyma\u0107 od nas dane osobowe lub upowa\u017cni\u0107 nas do przes\u0142ania Twoich danych innemu administratorowi \u2013 w ustrukturyzowanym powszechnie u\u017cywanym formacie, je\u017celi przes\u0142anie jest technicznie mo\u017cliwe. Jednak\u017ce dotyczy to danych , kt\u00f3re otrzymali\u015bmy bezpo\u015brednio od Ciebie.<\/p>\n<ol>\n<li><u>Prawo do wniesienia sprzeciwu wobec przetwarzania<\/u><\/li>\n<\/ol>\n<p>Masz prawo zg\u0142oszenia sprzeciwu wobec przetwarzania danych ze wzgl\u0119du na Twoj\u0105 szczeg\u00f3ln\u0105 sytuacj\u0119 &#8211; w zakresie, w jakim przetwarzamy Twoje dane na podstawie naszego prawnie uzasadnionego interesu.<\/p>\n<p>Je\u015bli b\u0119dziesz chcia\u0142 skorzysta\u0107 z praw opisanych powy\u017cej lub uzyska\u0107 wi\u0119cej informacji \u2013 skontaktuj si\u0119 z nami w spos\u00f3b wskazany w punkcie 2 powy\u017cej.<\/p>\n<ol>\n<li><u>Prawo do wniesienia skargi do organu nadzorczego. <\/u><\/li>\n<\/ol>\n<p>Je\u015bli uwa\u017casz, \u017ce przetwarzanie przez Padro Twoich danych osobowych narusza przepisy prawa, przys\u0142uguje Ci prawo wniesienia skargi do organu nadzorczego \u2013 Prezesa Urz\u0119du Ochrony Danych Osobowych.<\/p>\n<p><strong>&nbsp;<\/strong><\/p>\n<ol>\n<li><strong>Informacje o przetwarzaniu danych osobowych kontrahent\u00f3w<\/strong><\/li>\n<\/ol>\n<p><em>Informacje zamieszczone poni\u017cej dotycz\u0105 Ci\u0119, je\u017celi jeste\u015b kontrahentem Padro Logistics sp. z o.o.<\/em><\/p>\n<ol>\n<li>Administratorem Twoich danych osobowych jest <strong>Padro Logistics sp. z o.o. z siedzib\u0105 w Chrzanowie <\/strong>(ul. Kolonia Stella 26, 32-500 Chrzan\u00f3w) (dalej: \u201ePadro\u201d, \u201emy\u201d).<\/li>\n<\/ol>\n<ol start=\"2\">\n<li>Mo\u017cesz si\u0119 z nami skontaktowa\u0107 w nast\u0119puj\u0105cy spos\u00f3b:<\/li>\n<\/ol>\n<ul>\n<li>listownie na adres: Kolonia Stella 26, 32-500 Chrzan\u00f3w<\/li>\n<li>przez e-mail:&nbsp;<a href=\"mailto:padro@padro-logistics.eu\">padro@padro-logistics.eu<\/a><\/li>\n<li>telefonicznie: +48 32&nbsp;307 95 73<\/li>\n<\/ul>\n<ol start=\"3\">\n<li>Padro przetwarza Twoje dane osobowe w celu:<\/li>\n<li>zawarcia i wykonania umowy (podstaw\u0105 prawn\u0105 przetwarzania jest niezb\u0119dno\u015b\u0107 do zawarcia i wykonania umowy),<\/li>\n<li>monitorowania jako\u015bci obs\u0142ugi klienta (podstaw\u0105 prawn\u0105 przetwarzania jest niezb\u0119dno\u015b\u0107 do prawid\u0142owego wykonania umowy oraz uzasadniony interes Padro polegaj\u0105cy na mo\u017cliwo\u015bci analizy sposobu i wynik\u00f3w prowadzonej dzia\u0142alno\u015bci gospodarczej),<\/li>\n<li>wype\u0142nienie obowi\u0105zk\u00f3w na\u0142o\u017conych na Padro przez przepisy prawa, w szczeg\u00f3lno\u015bci przepisy podatkowe, przepisy o rachunkowo\u015bci (podstaw\u0105 prawn\u0105 przetwarzania jest niezb\u0119dno\u015b\u0107 do wype\u0142nienia obowi\u0105zku prawnego ci\u0105\u017c\u0105cego na&nbsp;administratorze),<\/li>\n<li>weryfikacji wiarygodno\u015bci p\u0142atniczej (podstaw\u0105 prawn\u0105 przetwarzania jest niezb\u0119dno\u015b\u0107 do zawarcia i wykonania umowy oraz uzasadniony interes Padro polegaj\u0105cy na zabezpieczeniu prowadzonej dzia\u0142alno\u015bci gospodarczej),<\/li>\n<li>ewentualnego ustalenia i dochodzenia roszcze\u0144 lub obrony przed roszczeniami (podstaw\u0105 prawn\u0105 przetwarzania jest uzasadniony interes Padro polegaj\u0105cy na mo\u017cliwo\u015bci dochodzenia i obrony przed roszczeniami),<\/li>\n<li>przesy\u0142anie informacji marketingowych dotycz\u0105cych us\u0142ug Padro (podstaw\u0105 prawn\u0105 przetwarzania jest uzasadniony interes Padro polegaj\u0105cy na prowadzeniu marketingu bezpo\u015bredniego).<\/li>\n<\/ol>\n<ol start=\"4\">\n<li>Padro b\u0119dzie przetwarza\u0107 Twoje dane osobowe przez okres poprzedzaj\u0105cy zawarcie umowy oraz przez okres wykonywania umowy oraz okres przedawnienia potencjalnych roszcze\u0144, a w przypadku marketingu \u2013 do czasu wniesienia sprzeciwu.<\/li>\n<\/ol>\n<ol start=\"5\">\n<li>Odbiorcami Twoich danych osobowych mog\u0105 by\u0107 podmioty, kt\u00f3rym Padro zleca us\u0142ugi zwi\u0105zane z przetwarzaniem danych osobowych, np. us\u0142ugi IT, ksi\u0119gowe, firmy kurierskie, operatorzy system\u00f3w p\u0142atno\u015bci. Ponadto, podane informacje mog\u0105 zosta\u0107 udost\u0119pnione w\u0142a\u015bciwym organom w\u0142adzy publicznej, je\u017celi zobowi\u0105zuj\u0105 do tego przepisy praw. Nie przekazujemy Twoich danych do Pa\u0144stwa trzeciego lub organizacji mi\u0119dzynarodowej.<\/li>\n<\/ol>\n<ol start=\"6\">\n<li>Podanie danych jest dobrowolne, ale niezb\u0119dne do zawarcia i wykonania umowy.<\/li>\n<\/ol>\n<ol start=\"9\">\n<li>W zwi\u0105zku z przetwarzaniem przez Padro Twoich danych osobowych przys\u0142uguje Ci:<\/li>\n<li><u>Prawo dost\u0119pu do danych osobowych<\/u><\/li>\n<\/ol>\n<p>Masz prawo do uzyskania od nas potwierdzenia, \u017ce przetwarzamy Twoje dane osobowe oraz uzyskania szczeg\u00f3\u0142owych informacji na temat ich przetwarzania a tak\u017ce do uzyskania kopii danych osobowych.<\/p>\n<ol>\n<li><u>Prawo do sprostowania danych <\/u><\/li>\n<\/ol>\n<p>Masz prawo za\u017c\u0105da\u0107, aby\u015bmy niezw\u0142ocznie sprostowali lub uzupe\u0142nili Twoje dane osobowe, je\u017celi s\u0105 nieprawid\u0142owe lub niekompletne.<\/p>\n<ol>\n<li><u>Prawo do usuni\u0119cia danych<\/u><\/li>\n<\/ol>\n<p>Masz prawo \u017c\u0105da\u0107, \u017ceby\u015bmy niezw\u0142ocznie usun\u0119li Twoje dane w przypadkach wskazanych w przepisach.<\/p>\n<ol>\n<li><u>Prawo do ograniczenia przetwarzania danych osobowych <\/u><\/li>\n<\/ol>\n<p>Masz prawo \u017c\u0105da\u0107,&nbsp; aby\u015bmy&nbsp; ograniczyli&nbsp; przetwarzanie&nbsp; Twoich&nbsp; danych osobowych w przypadkach wskazanych w przepisach.<\/p>\n<ol>\n<li><u>Prawo do przeniesienia danych<\/u><\/li>\n<\/ol>\n<p>Masz prawo, aby otrzyma\u0107 od nas dane osobowe lub upowa\u017cni\u0107 nas do przes\u0142ania Twoich danych innemu administratorowi \u2013 w ustrukturyzowanym powszechnie u\u017cywanym formacie, je\u017celi przes\u0142anie jest technicznie mo\u017cliwe. Jednak\u017ce dotyczy to danych , kt\u00f3re otrzymali\u015bmy bezpo\u015brednio od Ciebie.<\/p>\n<ol>\n<li><u>Prawo do wniesienia sprzeciwu wobec przetwarzania<\/u><\/li>\n<\/ol>\n<p>Masz prawo zg\u0142oszenia sprzeciwu wobec przetwarzania danych ze wzgl\u0119du na Twoj\u0105 szczeg\u00f3ln\u0105 sytuacj\u0119 &#8211; w zakresie, w jakim przetwarzamy Twoje dane na podstawie naszego prawnie uzasadnionego interesu.<\/p>\n<p>Je\u015bli b\u0119dziesz chcia\u0142 skorzysta\u0107 z praw opisanych powy\u017cej lub uzyska\u0107 wi\u0119cej informacji \u2013 skontaktuj si\u0119 z nami w spos\u00f3b wskazany w punkcie 2 powy\u017cej.<\/p>\n<ol>\n<li><u>Prawo do wniesienia skargi do organu nadzorczego. <\/u><\/li>\n<\/ol>\n<p>Je\u015bli uwa\u017casz, \u017ce przetwarzanie przez Padro Twoich danych osobowych narusza przepisy prawa, przys\u0142uguje Ci prawo wniesienia skargi do organu nadzorczego \u2013 Prezesa Urz\u0119du Ochrony Danych Osobowych.<\/p>\n<p><strong>&nbsp;<\/strong><\/p>\n<ul>\n<li><strong>Informacje o przetwarzaniu danych osobowych<\/strong> <strong>pracownik\u00f3w\/wsp\u00f3\u0142pracownik\u00f3w lub reprezentant\u00f3w kontrahent\u00f3w <\/strong><\/li>\n<\/ul>\n<p><em>Informacje zamieszczone poni\u017cej dotycz\u0105 Ci\u0119, je\u017celi jeste\u015b pracownikiem\/wsp\u00f3\u0142pracownikiem lub osob\u0105 reprezentuj\u0105c\u0105 kontrahenta Padro Logistics sp. z o.o.<\/em><\/p>\n<ol>\n<li>Administratorem Twoich danych osobowych <strong>Padro Logistics sp. z o.o. z siedzib\u0105 w Chrzanowie <\/strong>(ul. Kolonia Stella 26, 32-500 Chrzan\u00f3w) (dalej: \u201ePadro\u201d, \u201emy\u201d).<\/li>\n<\/ol>\n<ol start=\"2\">\n<li>Mo\u017cesz si\u0119 z nami skontaktowa\u0107 w nast\u0119puj\u0105cy spos\u00f3b:<\/li>\n<\/ol>\n<ul>\n<li>listownie na adres: Kolonia Stella 26, 32-500 Chrzan\u00f3w<\/li>\n<li>przez e-mail:&nbsp;<a href=\"mailto:padro@padro-logistics.eu\">padro@padro-logistics.eu<\/a><\/li>\n<li>telefonicznie: +48 32&nbsp;307 95 73<\/li>\n<\/ul>\n<ol start=\"3\">\n<li>Padro pozyska\u0142 Twoje dane bezpo\u015brednio od Ciebie lub od Twojego pracodawcy\/podmiotu, kt\u00f3ry reprezentujesz.<\/li>\n<\/ol>\n<ol start=\"4\">\n<li>Padro przetwarza nast\u0119puj\u0105ce kategorie Twoich&nbsp;danych osobowych:<\/li>\n<\/ol>\n<ul>\n<li>dane identyfikacyjne (imi\u0119, nazwisko, stanowisko, dane pracodawcy)<\/li>\n<li>dane kontaktowe (adres korespondencyjny, s\u0142u\u017cbowe numery telefon\u00f3w i adresy e-mail)<\/li>\n<li>ewentualnie inne dane podane przez Ciebie lub Twojego pracodawc\u0119\/podmiot, kt\u00f3ry reprezentujesz.<\/li>\n<\/ul>\n<ol start=\"5\">\n<li>Padro przetwarza Twoje dane osobowe w celu:<\/li>\n<li>wykonania i rozliczenia umowy zawartej z Twoim pracodawc\u0105\/podmiotem, kt\u00f3ry reprezentujesz (podstaw\u0105 prawn\u0105 przetwarzania Twoich danych jest uzasadniony interes Padro polegaj\u0105cy na zapewnieniu prawid\u0142owego wykonywania zobowi\u0105za\u0144 umownych),<\/li>\n<li>nawi\u0105zania z Tob\u0105 lub z Twoim pracodawc\u0105\/podmiotem, kt\u00f3rego reprezentujesz kontaktu. (podstaw\u0105 prawn\u0105 przetwarzania Twoich danych jest prawnie uzasadniony interes Padro polegaj\u0105cy na nawi\u0105zywaniu i utrzymywaniu relacji w ramach prowadzonej dzia\u0142alno\u015bci gospodarczej).<\/li>\n<\/ol>\n<ol start=\"6\">\n<li>Padro b\u0119dzie przetwarza\u0107 Twoje dane osobowe w okresie wykonywania umowy, a tak\u017ce przez okres obrony przed ewentualnymi roszczeniami lub dochodzenia ewentualnych roszcze\u0144 zwi\u0105zanych z umow\u0105 z podmiotem, w kt\u00f3rym pracujesz\/wsp\u00f3\u0142pracujesz lub, kt\u00f3ry reprezentujesz, czyli kontrahentem Padro.<\/li>\n<\/ol>\n<ol start=\"7\">\n<li>Odbiorcami Twoich danych osobowych mog\u0105 by\u0107 podmioty, kt\u00f3rym Padro zleca us\u0142ugi zwi\u0105zane z przetwarzaniem danych osobowych, np. us\u0142ugi IT, ksi\u0119gowe, firmy kurierskie, kontrahenci Padro, je\u017celi udost\u0119pnienie jest niezb\u0119dne do wykonania umowy \u0142\u0105cz\u0105cej Padro i Twojego pracodawc\u0119\/podmiot, kt\u00f3ry reprezentujesz. Nie przekazujemy Twoich danych do Pa\u0144stwa trzeciego lub organizacji mi\u0119dzynarodowej.<\/li>\n<\/ol>\n<ol start=\"8\">\n<li>Podanie danych jest dobrowolne, ale niezb\u0119dne do wykonania umowy \u0142\u0105cz\u0105cej Padro i Twojego pracodawc\u0119\/podmiot, kt\u00f3ry reprezentujesz .<\/li>\n<\/ol>\n<ol start=\"10\">\n<li>W zwi\u0105zku z przetwarzaniem przez Padro Twoich danych osobowych przys\u0142uguje Ci:<\/li>\n<li><u>Prawo dost\u0119pu do danych osobowych<\/u><\/li>\n<\/ol>\n<p>Masz prawo do uzyskania od nas potwierdzenia, \u017ce przetwarzamy Twoje dane osobowe oraz uzyskania szczeg\u00f3\u0142owych informacji na temat ich przetwarzania a tak\u017ce do uzyskania kopii danych osobowych.<\/p>\n<ol>\n<li><u>Prawo do sprostowania danych <\/u><\/li>\n<\/ol>\n<p>Masz prawo za\u017c\u0105da\u0107, aby\u015bmy niezw\u0142ocznie sprostowali lub uzupe\u0142nili Twoje dane osobowe, je\u017celi s\u0105 nieprawid\u0142owe lub niekompletne.<\/p>\n<ol>\n<li><u>Prawo do usuni\u0119cia danych<\/u><\/li>\n<\/ol>\n<p>Masz prawo \u017c\u0105da\u0107, \u017ceby\u015bmy niezw\u0142ocznie usun\u0119li Twoje dane w przypadkach wskazanych w przepisach.<\/p>\n<ol>\n<li><u>Prawo do ograniczenia przetwarzania danych osobowych <\/u><\/li>\n<\/ol>\n<p>Masz prawo \u017c\u0105da\u0107,&nbsp; aby\u015bmy&nbsp; ograniczyli&nbsp; przetwarzanie&nbsp; Twoich&nbsp; danych osobowych w przypadkach wskazanych w przepisach.<\/p>\n<ol>\n<li><u>Prawo do przeniesienia danych<\/u><\/li>\n<\/ol>\n<p>Masz prawo, aby otrzyma\u0107 od nas dane osobowe lub upowa\u017cni\u0107 nas do przes\u0142ania Twoich danych innemu administratorowi \u2013 w ustrukturyzowanym powszechnie u\u017cywanym formacie, je\u017celi przes\u0142anie jest technicznie mo\u017cliwe. Jednak\u017ce dotyczy to danych , kt\u00f3re otrzymali\u015bmy bezpo\u015brednio od Ciebie.<\/p>\n<ol>\n<li><u>Prawo do wniesienia sprzeciwu wobec przetwarzania<\/u><\/li>\n<\/ol>\n<p>Masz prawo zg\u0142oszenia sprzeciwu wobec przetwarzania danych ze wzgl\u0119du na Twoj\u0105 szczeg\u00f3ln\u0105 sytuacj\u0119 &#8211; w zakresie, w jakim przetwarzamy Twoje dane na podstawie naszego prawnie uzasadnionego interesu.<\/p>\n<p>Je\u015bli b\u0119dziesz chcia\u0142 skorzysta\u0107 z praw opisanych powy\u017cej lub uzyska\u0107 wi\u0119cej informacji \u2013 skontaktuj si\u0119 z nami w spos\u00f3b wskazany w punkcie 2 powy\u017cej.<\/p>\n<ol>\n<li><u>Prawo do wniesienia skargi do organu nadzorczego. <\/u><\/li>\n<\/ol>\n<p>Je\u015bli uwa\u017casz, \u017ce przetwarzanie przez Padro Twoich danych osobowych narusza przepisy prawa, przys\u0142uguje Ci prawo wniesienia skargi do organu nadzorczego \u2013 Prezesa Urz\u0119du Ochrony Danych Osobowych.<\/p>\n<p><strong>&nbsp;<\/strong><\/p>\n<ol>\n<li><strong>Informacje o przetwarzaniu danych osobowych kandydat\u00f3w do pracy<\/strong><\/li>\n<\/ol>\n<p><em>Informacje zamieszczone poni\u017cej dotycz\u0105 Ci\u0119, je\u017celi jeste\u015b kandydatem do pracy w Padro Logistics sp. z o.o.<\/em><\/p>\n<ol>\n<li>Administratorem Twoich danych osobowych <strong>Padro Logistics sp. z o.o. <\/strong><strong>z siedzib\u0105 w Chrzanowie <\/strong>(ul. Kolonia Stella 26, 32-500 Chrzan\u00f3w) (dalej: \u201ePadro\u201d, \u201emy\u201d).<\/li>\n<\/ol>\n<ol start=\"2\">\n<li>Mo\u017cesz si\u0119 z nami skontaktowa\u0107 w nast\u0119puj\u0105cy spos\u00f3b:<\/li>\n<\/ol>\n<ul>\n<li>listownie na adres: Kolonia Stella 26, 32-500 Chrzan\u00f3w<\/li>\n<li>przez e-mail:&nbsp;<a href=\"mailto:padro@padro-logistics.eu\">padro@padro-logistics.eu<\/a><\/li>\n<li>telefonicznie: +48 32&nbsp;307 95 73<\/li>\n<\/ul>\n<ol start=\"3\">\n<li>Padro przetwarza Twoje dane osobowe w celu:<\/li>\n<\/ol>\n<p>przeprowadzenia procesu rekrutacji z Twoim udzia\u0142em (podstaw\u0105 prawn\u0105 przetwarzania Twoich danych jest przepis prawa &#8211; art. 22<sup>1<\/sup>\u00a7 1 kodeksu pracy oraz niezb\u0119dno\u015b\u0107 przetwarzania do zawarcia umowy o prac\u0119 \u2013 w zakresie okre\u015blonym w tym przepisie tj. imi\u0119 (imiona) i nazwisko, data urodzenia, dane kontaktowe, wykszta\u0142cenie, kwalifikacje zawodowe, przebieg dotychczasowego zatrudnienia, a w pozosta\u0142ym zakresie podstaw\u0105 jest Twoja zgoda).<\/p>\n<ol start=\"4\">\n<li>Padro b\u0119dzie przetwarza\u0107 Twoje dane osobowe w okresie prowadzenia rekrutacji na stanowisko, na kt\u00f3re aplikujesz, a w przypadku wyra\u017cenia zgody na udzia\u0142 w przysz\u0142ych rekrutacjach do czasu wycofania zgody.<\/li>\n<\/ol>\n<ol start=\"5\">\n<li>Odbiorcami Twoich danych osobowych mog\u0105 by\u0107 podmioty, kt\u00f3rym Padro zleca us\u0142ugi zwi\u0105zane z przetwarzaniem danych osobowych, np. us\u0142ugi IT. Takie podmioty przetwarzaj\u0105 dane na podstawie umowy zawartej z Padro. Nie przekazujemy Twoich danych do Pa\u0144stwa trzeciego lub organizacji mi\u0119dzynarodowej.<\/li>\n<\/ol>\n<ol start=\"6\">\n<li>Podanie danych jest dobrowolne, ale niezb\u0119dne do wzi\u0119cia udzia\u0142u w procesie rekrutacji.<\/li>\n<\/ol>\n<ol start=\"11\">\n<li>W zwi\u0105zku z przetwarzaniem przez Padro Twoich danych osobowych przys\u0142uguje Ci:<\/li>\n<li><u>Prawo do wycofania zgody<\/u><\/li>\n<\/ol>\n<p>Masz prawo w dowolnym momencie wycofa\u0107 swoj\u0105 zgod\u0119 na przetwarzanie danych. Jednak\u017ce wycofanie zgody pozostaje bez wp\u0142ywu na zgodno\u015b\u0107 z&nbsp;prawem przetwarzania, kt\u00f3rego dokonano na podstawie zgody przed jej cofni\u0119ciem.<\/p>\n<ol>\n<li><u>Prawo dost\u0119pu do danych osobowych<\/u><\/li>\n<\/ol>\n<p>Masz prawo do uzyskania od nas potwierdzenia, \u017ce przetwarzamy Twoje dane osobowe oraz uzyskania szczeg\u00f3\u0142owych informacji na temat ich przetwarzania a tak\u017ce do uzyskania kopii danych osobowych.<\/p>\n<ol>\n<li><u>Prawo do sprostowania danych <\/u><\/li>\n<\/ol>\n<p>Masz prawo za\u017c\u0105da\u0107, aby\u015bmy niezw\u0142ocznie sprostowali lub uzupe\u0142nili Twoje dane osobowe, je\u017celi s\u0105 nieprawid\u0142owe lub niekompletne.<\/p>\n<ol>\n<li><u>Prawo do usuni\u0119cia danych<\/u><\/li>\n<\/ol>\n<p>Masz prawo \u017c\u0105da\u0107, \u017ceby\u015bmy niezw\u0142ocznie usun\u0119li Twoje dane w przypadkach wskazanych w przepisach.<\/p>\n<ol>\n<li><u>Prawo do ograniczenia przetwarzania danych osobowych <\/u><\/li>\n<\/ol>\n<p>Masz prawo \u017c\u0105da\u0107,&nbsp; aby\u015bmy&nbsp; ograniczyli&nbsp; przetwarzanie&nbsp; Twoich&nbsp; danych osobowych w przypadkach wskazanych w przepisach.<\/p>\n<ol>\n<li><u>Prawo do przeniesienia danych<\/u><\/li>\n<\/ol>\n<p>Masz prawo, aby otrzyma\u0107 od nas dane osobowe lub upowa\u017cni\u0107 nas do przes\u0142ania Twoich danych innemu administratorowi \u2013 w ustrukturyzowanym powszechnie u\u017cywanym formacie, je\u017celi przes\u0142anie jest technicznie mo\u017cliwe. Jednak\u017ce dotyczy to danych , kt\u00f3re otrzymali\u015bmy bezpo\u015brednio od Ciebie.<\/p>\n<ol>\n<li><u>Prawo do wniesienia sprzeciwu wobec przetwarzania<\/u><\/li>\n<\/ol>\n<p>Masz prawo zg\u0142oszenia sprzeciwu wobec przetwarzania danych ze wzgl\u0119du na Twoj\u0105 szczeg\u00f3ln\u0105 sytuacj\u0119 &#8211; w zakresie, w jakim przetwarzamy Twoje dane na podstawie naszego prawnie uzasadnionego interesu.<\/p>\n<p>Je\u015bli b\u0119dziesz chcia\u0142 skorzysta\u0107 z praw opisanych powy\u017cej lub uzyska\u0107 wi\u0119cej informacji \u2013 skontaktuj si\u0119 z nami w spos\u00f3b wskazany w punkcie 2 powy\u017cej.<\/p>\n<ol>\n<li><u>Prawo do wniesienia skargi do organu nadzorczego. <\/u><\/li>\n<\/ol>\n<p>Je\u015bli uwa\u017casz, \u017ce przetwarzanie przez Padro Twoich danych osobowych narusza przepisy prawa, przys\u0142uguje Ci prawo wniesienia skargi do organu nadzorczego \u2013 Prezesa Urz\u0119du Ochrony Danych Osobowych.<\/p>\n<p><strong>&nbsp;<\/strong><\/p>\n<ol>\n<li><strong>Informacje o przetwarzaniu danych osobowych u\u017cytkownik\u00f3w kana\u0142\u00f3w social media (LinkedIn, Facebook, Instagram) Padro Logistics sp. z o.o.<\/strong><\/li>\n<\/ol>\n<p><em>Informacje zamieszczone poni\u017cej dotycz\u0105<\/em><em> przetwarzania Twoich danych osobowych, gdy korzystasz z Naszych kana\u0142\u00f3w social media takich jak:<\/em><\/p>\n<ul>\n<li>Facebook: https:\/\/www.facebook.com\/Padro-Logistics-249075425681931\/<\/li>\n<li>Instagram: https:\/\/www.instagram.com\/padro_logistics\/<\/li>\n<li>LinkedIn: https:\/\/pl.linkedin.com\/company\/padro-logistics<\/li>\n<\/ul>\n<p>dalej zwanych \u201eKana\u0142em\u201d.<\/p>\n<ol>\n<li>Administratorem Twoich danych osobowych zebranych za pomoc\u0105 Kana\u0142\u00f3w &#8211; wy\u0142\u0105cznie w zakresie i w celach przetwarzania opisanych poni\u017cej jest <strong>Padro Logistics sp. z o.o. z siedzib\u0105 w Chrzanowie (ul. Kolonia Stella 26, 32-500 Chrzan\u00f3w) <\/strong>(dalej: \u201ePadro\u201d, \u201emy\u201d).<\/li>\n<\/ol>\n<ol start=\"2\">\n<li>Mo\u017cesz si\u0119 z nami skontaktowa\u0107 w nast\u0119puj\u0105cy spos\u00f3b:<\/li>\n<\/ol>\n<ul>\n<li>listownie na adres: Kolonia Stella 26, 32-500 Chrzan\u00f3w<\/li>\n<li>przez e-mail:&nbsp;<a href=\"mailto:padro@padro-logistics.eu\">padro@padro-logistics.eu<\/a><\/li>\n<li>telefonicznie: +48 32&nbsp;307 95 73<\/li>\n<\/ul>\n<ol start=\"3\">\n<li>Padro mo\u017ce przetwarza\u0107 nast\u0119puj\u0105ce kategorie Twoich&nbsp;danych osobowych:<\/li>\n<li>dane zawarte w twoim profilu w Kanale takie jak imi\u0119 i nazwisko, pseudonim;<\/li>\n<li>dane, kt\u00f3re zawrzesz w swoim zapytaniu kierowanym do Padro za po\u015brednictwem Kana\u0142u;<\/li>\n<li>dane, kt\u00f3re zawrzesz w komentarzu lub wpisie w Kanale;<\/li>\n<li>anonimowe dane statystyczne dotycz\u0105ce os\u00f3b odwiedzaj\u0105cych Kana\u0142, a tak\u017ce wykorzystywane w celu mierzenia skuteczno\u015bci reklam, dost\u0119pne za pomoc\u0105 narz\u0119dzi udost\u0119pnionych przez Facebook stosownie do niepodlegaj\u0105cych zmianie warunk\u00f3w korzystania z serwisu Facebook, gromadzone dzi\u0119ki plikom cookies.<\/li>\n<\/ol>\n<ol start=\"4\">\n<li>Padro przetwarza Twoje dane osobowe w celu:<\/li>\n<li>odpowiedzi na pytania kierowane do Nas za pomoc\u0105 Kana\u0142u (podstaw\u0105 prawn\u0105 przetwarzania Twoich danych jest prawnie uzasadniony interes Padro polegaj\u0105cy na mo\u017cliwo\u015bci przekazania odpowiedzi na pytanie dotycz\u0105ce dzia\u0142alno\u015bci Padro),<\/li>\n<li>prowadzenia Kana\u0142u przy wykorzystaniu ich funkcjonalno\u015bci, na warunkach okre\u015blonych przez dostawc\u0119 tego Kana\u0142u i informowania za ich pomoc\u0105 o aktywno\u015bci Padro, promowania marki i us\u0142ug oraz r\u00f3\u017cnych wydarze\u0144 organizowanych przez Padro, budowania i utrzymania zwi\u0105zanej z Padro spo\u0142eczno\u015bci (podstaw\u0105 prawn\u0105 przetwarzania Twoich danych jest prawnie uzasadniony interes Padro polegaj\u0105cy na informowaniu i promowaniu dzia\u0142alno\u015bci Padro),<\/li>\n<li>w celu komunikacji za po\u015brednictwem dost\u0119pnych funkcjonalno\u015bci Kana\u0142u np. poprzez komentarze, obserwowanie, polubienie, chat (podstaw\u0105 prawn\u0105 przetwarzania Twoich danych jest prawnie uzasadniony interes Padro polegaj\u0105cy na mo\u017cliwo\u015bci komunikacji),<\/li>\n<li>analitycznym i statystycznym w zakresie analizy funkcjonowania, popularno\u015bci, sposobu korzystania z Kana\u0142u (podstaw\u0105 prawn\u0105 przetwarzania Twoich danych jest prawnie uzasadniony interes Padro polegaj\u0105cy na mo\u017cliwo\u015bci analizy sposobu i wynik\u00f3w prowadzonej dzia\u0142alno\u015bci),<\/li>\n<li>ewentualnego ustalenia, dochodzenia lub obrony przed roszczeniami (podstaw\u0105 prawn\u0105 przetwarzania jest uzasadniony interes Padro polegaj\u0105cy na mo\u017cliwo\u015bci dochodzenia i obrony przed roszczeniami).<\/li>\n<\/ol>\n<ol start=\"5\">\n<li>Padro b\u0119dzie przetwarza\u0107 Twoje dane osobowe w okresie utrzymywania z Tob\u0105 bie\u017c\u0105cych relacji i kontakt\u00f3w, a po ustaniu relacji (np. po udzieleniu ostatecznej odpowiedzi na Twoje pytania, przedstawianiu oferty) oraz wed\u0142ug zasad okre\u015blonych przez dostawc\u0119 Kana\u0142u (zazwyczaj tak d\u0142ugo jak posiadasz konto w Kanale).<\/li>\n<\/ol>\n<ol start=\"6\">\n<li>Odbiorcami Twoich danych osobowych mog\u0105 by\u0107 podmioty, kt\u00f3rym Padro zleca us\u0142ugi zwi\u0105zane z przetwarzaniem danych osobowych, np. us\u0142ugi IT. Takie podmioty przetwarzaj\u0105 dane na podstawie umowy zawartej z Padro, a tak\u017ce podmiotowi \u015bwiadcz\u0105cemu na rzecz Padro us\u0142ugi social media, dostawcy Kana\u0142u na zasadach niepodlegaj\u0105cych zmianie, innym odbiorcom, je\u017celi wynika\u0107 b\u0119dzie to z przepis\u00f3w obowi\u0105zuj\u0105cego prawa.<\/li>\n<\/ol>\n<ol start=\"7\">\n<li>Podanie danych jest dobrowolne.<\/li>\n<\/ol>\n<ol start=\"8\">\n<li>W zwi\u0105zku z przetwarzaniem przez Padro Twoich danych osobowych przys\u0142uguje Ci:<\/li>\n<li><u>Prawo dost\u0119pu do danych osobowych<\/u><\/li>\n<\/ol>\n<p>Masz prawo do uzyskania od nas potwierdzenia, \u017ce przetwarzamy Twoje dane osobowe oraz uzyskania szczeg\u00f3\u0142owych informacji na temat ich przetwarzania a tak\u017ce do uzyskania kopii danych osobowych.<\/p>\n<ol>\n<li><u>Prawo do sprostowania danych <\/u><\/li>\n<\/ol>\n<p>Masz prawo za\u017c\u0105da\u0107, aby\u015bmy niezw\u0142ocznie sprostowali lub uzupe\u0142nili Twoje dane osobowe, je\u017celi s\u0105 nieprawid\u0142owe lub niekompletne.<\/p>\n<ol>\n<li><u>Prawo do usuni\u0119cia danych<\/u><\/li>\n<\/ol>\n<p>Masz prawo \u017c\u0105da\u0107, \u017ceby\u015bmy niezw\u0142ocznie usun\u0119li Twoje dane w przypadkach wskazanych w przepisach.<\/p>\n<ol>\n<li><u>Prawo do ograniczenia przetwarzania danych osobowych <\/u><\/li>\n<\/ol>\n<p>Masz prawo \u017c\u0105da\u0107,&nbsp; aby\u015bmy&nbsp; ograniczyli&nbsp; przetwarzanie&nbsp; Twoich&nbsp; danych osobowych w przypadkach wskazanych w przepisach.<\/p>\n<ol>\n<li><u>Prawo do przeniesienia danych<\/u><\/li>\n<\/ol>\n<p>Masz prawo, aby otrzyma\u0107 od nas dane osobowe lub upowa\u017cni\u0107 nas do przes\u0142ania Twoich danych innemu administratorowi \u2013 w ustrukturyzowanym powszechnie u\u017cywanym formacie, je\u017celi przes\u0142anie jest technicznie mo\u017cliwe. Jednak\u017ce dotyczy to danych , kt\u00f3re otrzymali\u015bmy bezpo\u015brednio od Ciebie.<\/p>\n<ol>\n<li><u>Prawo do wniesienia sprzeciwu wobec przetwarzania<\/u><\/li>\n<\/ol>\n<p>Masz prawo zg\u0142oszenia sprzeciwu wobec przetwarzania danych ze wzgl\u0119du na Twoj\u0105 szczeg\u00f3ln\u0105 sytuacj\u0119 &#8211; w zakresie, w jakim przetwarzamy Twoje dane na podstawie naszego prawnie uzasadnionego interesu.<\/p>\n<p>Je\u015bli b\u0119dziesz chcia\u0142 skorzysta\u0107 z praw opisanych powy\u017cej lub uzyska\u0107 wi\u0119cej informacji \u2013 skontaktuj si\u0119 z nami w spos\u00f3b wskazany w punkcie 2 powy\u017cej.<\/p>\n<ol>\n<li><u>Prawo do wniesienia skargi do organu nadzorczego. <\/u><\/li>\n<\/ol>\n<p>Je\u015bli uwa\u017casz, \u017ce przetwarzanie przez Padro Twoich danych osobowych narusza przepisy prawa, przys\u0142uguje Ci prawo wniesienia skargi do organu nadzorczego \u2013 Prezesa Urz\u0119du Ochrony Danych Osobowych.<\/p>\n<p><strong>POLITYKA COOKIES<\/strong><\/p>\n<p>Strona internetowa, kt\u00f3r\u0105 w\u0142a\u015bnie odwiedzasz korzysta z plik\u00f3w cookies \u2013 kr\u00f3tkich informacji tekstowych, kt\u00f3re s\u0105 przechowywane na Twoim urz\u0105dzeniu ko\u0144cowym (np. komputerze, tablecie, telefonie).<\/p>\n<p>Celem stosowania plik\u00f3w cookies jest zapewnienie prawid\u0142owego funkcjonowania strony oraz u\u0142atwienie u\u017cytkownikowi korzystania ze strony internetowej przez to, \u017ce s\u0142u\u017c\u0105 one do \u201ezapami\u0119tywania\u201d preferencji danego u\u017cytkownika.<\/p>\n<p>Korzystaj\u0105c z naszej strony internetowej zgadzasz si\u0119 na wykorzystaniem plik\u00f3w cookies, gdy\u017c w wi\u0119kszo\u015bci przypadk\u00f3w przegl\u0105darka internetowa domy\u015blnie dopuszcza przechowywanie plik\u00f3w cookies w urz\u0105dzeniu u\u017cytkownika.<\/p>\n<p>Masz jednak mo\u017cliwo\u015b\u0107 ograniczenia lub wy\u0142\u0105czenia dost\u0119pu plik\u00f3w cookies do swojego urz\u0105dzenia w ka\u017cdym czasie poprzez zmian\u0119 ustawie\u0144 w przegl\u0105darce internetowej, z kt\u00f3rej korzystasz.<\/p>\n<p>Sposoby zarz\u0105dzania plikami cookies i ich konfiguracji w przypadku najpopularniejszych przegl\u0105darek mo\u017cna znale\u017a\u0107 na podanych poni\u017cej stronach:<\/p>\n<table>\n<tbody>\n<tr>\n<td width=\"149\"><strong>Google&nbsp;Chrome<\/strong><\/td>\n<td width=\"442\"><a href=\"https:\/\/support.google.com\/chrome\/answer\/95647?co=GENIE.Platform%3DDesktop&amp;hl=pl\">https:\/\/support.google.com\/chrome\/answer\/95647?co=GENIE.Platform%3DDesktop&amp;hl=pl<\/a><\/td>\n<\/tr>\n<tr>\n<td width=\"149\"><strong>Firefox<\/strong><\/td>\n<td width=\"442\"><a href=\"https:\/\/support.mozilla.org\/pl\/kb\/ciasteczka\">https:\/\/support.mozilla.org\/pl\/kb\/ciasteczka<\/a><\/td>\n<\/tr>\n<tr>\n<td width=\"149\"><strong>Opera<\/strong><\/td>\n<td width=\"442\"><a href=\"http:\/\/help.opera.com\/Windows\/12.10\/pl\/cookies.html\">http:\/\/help.opera.com\/Windows\/12.10\/pl\/cookies.html<\/a><\/td>\n<\/tr>\n<tr>\n<td width=\"149\"><strong>Windows Internet Explorer<\/strong><\/td>\n<td width=\"442\"><a href=\"https:\/\/support.microsoft.com\/pl-pl\/help\/17442\/windows-internet-explorer-delete-manage-cookies\">https:\/\/support.microsoft.com\/pl-pl\/help\/17442\/windows-internet-explorer-delete-manage-cookies<\/a><\/td>\n<\/tr>\n<tr>\n<td width=\"149\"><strong>Apple Safari<\/strong><\/td>\n<td width=\"442\"><a href=\"https:\/\/support.apple.com\/kb\/PH21411?locale=pl_PL\">https:\/\/support.apple.com\/kb\/PH21411?locale=pl_PL<\/a><\/td>\n<\/tr>\n<\/tbody>\n<\/table>\t\t\t\t\t\t<\/div>\n\t\t\t\t<\/div>\n\t\t\t\t\t<\/div>\n\t\t<\/div>\n\t\t\t\t\t\t\t<\/div>\n\t\t<\/section>\n\t\t\t\t\t\t<\/div>\n\t\t\t\t\t<\/div>","protected":false},"excerpt":{"rendered":"<p>POLITYKA PRYWATNO\u015aCI Poni\u017cej przedstawiamy informacje dotycz\u0105ce przetwarzania Twoich danych osobowych. Padro Logistics sp. z o.o. przyk\u0142ada du\u017c\u0105 wag\u0119 do ochrony Twoich danych osobowych i ich w\u0142a\u015bciwego przetwarzania. Spo\u015br\u00f3d zamieszczonych poni\u017cej klauzul informacyjnych wybierz t\u0119, kt\u00f3ra Ci\u0119 dotyczy: osoby kontaktuj\u0105ce si\u0119 telefonicznie, mailowo, przez formularz kontaktowy z Padro Logistics sp. z o.o. kontrahenci Padro Logistics sp.&hellip; <a class=\"more-link\" href=\"https:\/\/padro-logistics.eu\/de\/polityka-prywatnosci\/\"><span class=\"screen-reader-text\">Datenschutz-Bestimmungen<\/span> weiterlesen<\/a><\/p>","protected":false},"author":1,"featured_media":0,"parent":0,"menu_order":0,"comment_status":"closed","ping_status":"open","template":"elementor_header_footer","meta":{"footnotes":""},"class_list":["post-3","page","type-page","status-publish","hentry","entry"],"yoast_head":"<!-- This site is optimized with the Yoast SEO plugin v27.5 - https:\/\/yoast.com\/product\/yoast-seo-wordpress\/ -->\n<title>Polityka prywatno\u015bci - Padro Logistics - Spedycja, Transport i Logistyka<\/title>\n<meta name=\"robots\" content=\"index, follow, max-snippet:-1, max-image-preview:large, max-video-preview:-1\" \/>\n<link rel=\"canonical\" href=\"https:\/\/padro-logistics.eu\/de\/polityka-prywatnosci\/\" \/>\n<meta property=\"og:locale\" content=\"de_DE\" \/>\n<meta property=\"og:type\" content=\"article\" \/>\n<meta property=\"og:title\" content=\"Polityka prywatno\u015bci - Padro Logistics - Spedycja, Transport i Logistyka\" \/>\n<meta property=\"og:description\" content=\"POLITYKA PRYWATNO\u015aCI Poni\u017cej przedstawiamy informacje dotycz\u0105ce przetwarzania Twoich danych osobowych. Padro Logistics sp. z o.o. przyk\u0142ada du\u017c\u0105 wag\u0119 do ochrony Twoich danych osobowych i ich w\u0142a\u015bciwego przetwarzania. Spo\u015br\u00f3d zamieszczonych poni\u017cej klauzul informacyjnych wybierz t\u0119, kt\u00f3ra Ci\u0119 dotyczy: osoby kontaktuj\u0105ce si\u0119 telefonicznie, mailowo, przez formularz kontaktowy z Padro Logistics sp. z o.o. kontrahenci Padro Logistics sp.&hellip; Polityka prywatno\u015bci weiterlesen\" \/>\n<meta property=\"og:url\" content=\"https:\/\/padro-logistics.eu\/de\/polityka-prywatnosci\/\" \/>\n<meta property=\"og:site_name\" content=\"Padro Logistics - Spedycja, Transport i Logistyka\" \/>\n<meta property=\"article:modified_time\" content=\"2024-12-10T09:13:13+00:00\" \/>\n<meta name=\"twitter:card\" content=\"summary_large_image\" \/>\n<meta name=\"twitter:label1\" content=\"Gesch\u00e4tzte Lesezeit\" \/>\n\t<meta name=\"twitter:data1\" content=\"18\u00a0Minuten\" \/>\n<script type=\"application\/ld+json\" class=\"yoast-schema-graph\">{\"@context\":\"https:\\\/\\\/schema.org\",\"@graph\":[{\"@type\":\"WebPage\",\"@id\":\"https:\\\/\\\/padro-logistics.eu\\\/polityka-prywatnosci\\\/\",\"url\":\"https:\\\/\\\/padro-logistics.eu\\\/polityka-prywatnosci\\\/\",\"name\":\"Polityka prywatno\u015bci - Padro Logistics - Spedycja, Transport i Logistyka\",\"isPartOf\":{\"@id\":\"https:\\\/\\\/padro-logistics.eu\\\/#website\"},\"datePublished\":\"2021-11-24T08:20:53+00:00\",\"dateModified\":\"2024-12-10T09:13:13+00:00\",\"breadcrumb\":{\"@id\":\"https:\\\/\\\/padro-logistics.eu\\\/polityka-prywatnosci\\\/#breadcrumb\"},\"inLanguage\":\"de\",\"potentialAction\":[{\"@type\":\"ReadAction\",\"target\":[\"https:\\\/\\\/padro-logistics.eu\\\/polityka-prywatnosci\\\/\"]}]},{\"@type\":\"BreadcrumbList\",\"@id\":\"https:\\\/\\\/padro-logistics.eu\\\/polityka-prywatnosci\\\/#breadcrumb\",\"itemListElement\":[{\"@type\":\"ListItem\",\"position\":1,\"name\":\"Home\",\"item\":\"https:\\\/\\\/padro-logistics.eu\\\/\"},{\"@type\":\"ListItem\",\"position\":2,\"name\":\"Polityka prywatno\u015bci\"}]},{\"@type\":\"WebSite\",\"@id\":\"https:\\\/\\\/padro-logistics.eu\\\/#website\",\"url\":\"https:\\\/\\\/padro-logistics.eu\\\/\",\"name\":\"Padro Logistics - Spedycja, Transport i Logistyka\",\"description\":\"Spedycja, Transport i Logistyka\",\"publisher\":{\"@id\":\"https:\\\/\\\/padro-logistics.eu\\\/#organization\"},\"potentialAction\":[{\"@type\":\"SearchAction\",\"target\":{\"@type\":\"EntryPoint\",\"urlTemplate\":\"https:\\\/\\\/padro-logistics.eu\\\/?s={search_term_string}\"},\"query-input\":{\"@type\":\"PropertyValueSpecification\",\"valueRequired\":true,\"valueName\":\"search_term_string\"}}],\"inLanguage\":\"de\"},{\"@type\":\"Organization\",\"@id\":\"https:\\\/\\\/padro-logistics.eu\\\/#organization\",\"name\":\"Padro Logistics - Spedycja, Transport i Logistyka\",\"url\":\"https:\\\/\\\/padro-logistics.eu\\\/\",\"logo\":{\"@type\":\"ImageObject\",\"inLanguage\":\"de\",\"@id\":\"https:\\\/\\\/padro-logistics.eu\\\/#\\\/schema\\\/logo\\\/image\\\/\",\"url\":\"https:\\\/\\\/padro-logistics.eu\\\/wp-content\\\/uploads\\\/2021\\\/11\\\/header_logo-1.png\",\"contentUrl\":\"https:\\\/\\\/padro-logistics.eu\\\/wp-content\\\/uploads\\\/2021\\\/11\\\/header_logo-1.png\",\"width\":170,\"height\":115,\"caption\":\"Padro  Logistics - Spedycja, Transport i Logistyka\"},\"image\":{\"@id\":\"https:\\\/\\\/padro-logistics.eu\\\/#\\\/schema\\\/logo\\\/image\\\/\"}}]}<\/script>\n<!-- \/ Yoast SEO plugin. -->","yoast_head_json":{"title":"Polityka prywatno\u015bci - Padro Logistics - Spedycja, Transport i Logistyka","robots":{"index":"index","follow":"follow","max-snippet":"max-snippet:-1","max-image-preview":"max-image-preview:large","max-video-preview":"max-video-preview:-1"},"canonical":"https:\/\/padro-logistics.eu\/de\/polityka-prywatnosci\/","og_locale":"de_DE","og_type":"article","og_title":"Polityka prywatno\u015bci - Padro Logistics - Spedycja, Transport i Logistyka","og_description":"POLITYKA PRYWATNO\u015aCI Poni\u017cej przedstawiamy informacje dotycz\u0105ce przetwarzania Twoich danych osobowych. Padro Logistics sp. z o.o. przyk\u0142ada du\u017c\u0105 wag\u0119 do ochrony Twoich danych osobowych i ich w\u0142a\u015bciwego przetwarzania. Spo\u015br\u00f3d zamieszczonych poni\u017cej klauzul informacyjnych wybierz t\u0119, kt\u00f3ra Ci\u0119 dotyczy: osoby kontaktuj\u0105ce si\u0119 telefonicznie, mailowo, przez formularz kontaktowy z Padro Logistics sp. z o.o. kontrahenci Padro Logistics sp.&hellip; Polityka prywatno\u015bci weiterlesen","og_url":"https:\/\/padro-logistics.eu\/de\/polityka-prywatnosci\/","og_site_name":"Padro Logistics - Spedycja, Transport i Logistyka","article_modified_time":"2024-12-10T09:13:13+00:00","twitter_card":"summary_large_image","twitter_misc":{"Gesch\u00e4tzte Lesezeit":"18\u00a0Minuten"},"schema":{"@context":"https:\/\/schema.org","@graph":[{"@type":"WebPage","@id":"https:\/\/padro-logistics.eu\/polityka-prywatnosci\/","url":"https:\/\/padro-logistics.eu\/polityka-prywatnosci\/","name":"Polityka prywatno\u015bci - Padro Logistics - Spedycja, Transport i Logistyka","isPartOf":{"@id":"https:\/\/padro-logistics.eu\/#website"},"datePublished":"2021-11-24T08:20:53+00:00","dateModified":"2024-12-10T09:13:13+00:00","breadcrumb":{"@id":"https:\/\/padro-logistics.eu\/polityka-prywatnosci\/#breadcrumb"},"inLanguage":"de","potentialAction":[{"@type":"ReadAction","target":["https:\/\/padro-logistics.eu\/polityka-prywatnosci\/"]}]},{"@type":"BreadcrumbList","@id":"https:\/\/padro-logistics.eu\/polityka-prywatnosci\/#breadcrumb","itemListElement":[{"@type":"ListItem","position":1,"name":"Home","item":"https:\/\/padro-logistics.eu\/"},{"@type":"ListItem","position":2,"name":"Polityka prywatno\u015bci"}]},{"@type":"WebSite","@id":"https:\/\/padro-logistics.eu\/#website","url":"https:\/\/padro-logistics.eu\/","name":"Padro Logistics - Spedycja, Transport i Logistyka","description":"Spedycja, Transport i Logistyka","publisher":{"@id":"https:\/\/padro-logistics.eu\/#organization"},"potentialAction":[{"@type":"SearchAction","target":{"@type":"EntryPoint","urlTemplate":"https:\/\/padro-logistics.eu\/?s={search_term_string}"},"query-input":{"@type":"PropertyValueSpecification","valueRequired":true,"valueName":"search_term_string"}}],"inLanguage":"de"},{"@type":"Organization","@id":"https:\/\/padro-logistics.eu\/#organization","name":"Padro Logistics - Spedycja, Transport i Logistyka","url":"https:\/\/padro-logistics.eu\/","logo":{"@type":"ImageObject","inLanguage":"de","@id":"https:\/\/padro-logistics.eu\/#\/schema\/logo\/image\/","url":"https:\/\/padro-logistics.eu\/wp-content\/uploads\/2021\/11\/header_logo-1.png","contentUrl":"https:\/\/padro-logistics.eu\/wp-content\/uploads\/2021\/11\/header_logo-1.png","width":170,"height":115,"caption":"Padro  Logistics - Spedycja, Transport i Logistyka"},"image":{"@id":"https:\/\/padro-logistics.eu\/#\/schema\/logo\/image\/"}}]}},"_links":{"self":[{"href":"https:\/\/padro-logistics.eu\/de\/wp-json\/wp\/v2\/pages\/3","targetHints":{"allow":["GET"]}}],"collection":[{"href":"https:\/\/padro-logistics.eu\/de\/wp-json\/wp\/v2\/pages"}],"about":[{"href":"https:\/\/padro-logistics.eu\/de\/wp-json\/wp\/v2\/types\/page"}],"author":[{"embeddable":true,"href":"https:\/\/padro-logistics.eu\/de\/wp-json\/wp\/v2\/users\/1"}],"replies":[{"embeddable":true,"href":"https:\/\/padro-logistics.eu\/de\/wp-json\/wp\/v2\/comments?post=3"}],"version-history":[{"count":11,"href":"https:\/\/padro-logistics.eu\/de\/wp-json\/wp\/v2\/pages\/3\/revisions"}],"predecessor-version":[{"id":2461,"href":"https:\/\/padro-logistics.eu\/de\/wp-json\/wp\/v2\/pages\/3\/revisions\/2461"}],"wp:attachment":[{"href":"https:\/\/padro-logistics.eu\/de\/wp-json\/wp\/v2\/media?parent=3"}],"curies":[{"name":"wp","href":"https:\/\/api.w.org\/{rel}","templated":true}]}}