{"id":1375,"date":"2021-12-02T20:46:22","date_gmt":"2021-12-02T19:46:22","guid":{"rendered":"https:\/\/serwer2104646.home.pl\/autoinstalator\/wordpressplugins2\/?page_id=1375"},"modified":"2024-12-10T13:02:06","modified_gmt":"2024-12-10T12:02:06","slug":"transport-intermodalny","status":"publish","type":"page","link":"https:\/\/padro-logistics.eu\/de\/transport-i-spedycja\/transport-intermodalny\/","title":{"rendered":"Intermodaler transport"},"content":{"rendered":"<div data-elementor-type=\"wp-page\" data-elementor-id=\"1375\" class=\"elementor elementor-1375\" data-elementor-settings=\"[]\">\n\t\t\t\t\t\t\t<div class=\"elementor-section-wrap\">\n\t\t\t\t\t\t\t<section class=\"elementor-section elementor-top-section elementor-element elementor-element-442ef972 elementor-section-height-min-height elementor-section-items-top elementor-section-boxed elementor-section-height-default\" data-id=\"442ef972\" data-element_type=\"section\" data-settings=\"{&quot;background_background&quot;:&quot;classic&quot;}\">\n\t\t\t\t\t\t<div class=\"elementor-container elementor-column-gap-no\">\n\t\t\t\t\t<div class=\"elementor-column elementor-col-100 elementor-top-column elementor-element elementor-element-a80e3b6\" data-id=\"a80e3b6\" data-element_type=\"column\">\n\t\t\t<div class=\"elementor-widget-wrap elementor-element-populated\">\n\t\t\t\t\t\t\t\t<section class=\"elementor-section elementor-inner-section elementor-element elementor-element-7df0453b elementor-section-full_width elementor-section-height-default elementor-section-height-default\" data-id=\"7df0453b\" data-element_type=\"section\">\n\t\t\t\t\t\t<div class=\"elementor-container elementor-column-gap-no\">\n\t\t\t\t\t<div class=\"elementor-column elementor-col-50 elementor-inner-column elementor-element elementor-element-3ece9658\" data-id=\"3ece9658\" data-element_type=\"column\">\n\t\t\t<div class=\"elementor-widget-wrap elementor-element-populated\">\n\t\t\t\t\t\t\t\t<div class=\"elementor-element elementor-element-5cf0302d elementor-widget elementor-widget-theme-site-logo elementor-widget-image\" data-id=\"5cf0302d\" data-element_type=\"widget\" data-widget_type=\"theme-site-logo.default\">\n\t\t\t\t<div class=\"elementor-widget-container\">\n\t\t\t\t\t\t\t\t\t\t\t\t\t\t\t\t<a href=\"https:\/\/padro-logistics.eu\/de\/\">\n\t\t\t\t\t\t\t<img loading=\"lazy\" decoding=\"async\" width=\"170\" height=\"115\" src=\"https:\/\/padro-logistics.eu\/wp-content\/uploads\/2021\/11\/header_logo-1.png\" class=\"attachment-full size-full\" alt=\"\" style=\"width:100%;height:67.65%;max-width:170px\" \/>\t\t\t\t\t\t\t\t<\/a>\n\t\t\t\t\t\t\t\t\t\t\t\t\t\t\t<\/div>\n\t\t\t\t<\/div>\n\t\t\t\t\t<\/div>\n\t\t<\/div>\n\t\t\t\t<div class=\"elementor-column elementor-col-50 elementor-inner-column elementor-element elementor-element-3ccf9969\" data-id=\"3ccf9969\" data-element_type=\"column\">\n\t\t\t<div class=\"elementor-widget-wrap elementor-element-populated\">\n\t\t\t\t\t\t\t\t<div class=\"elementor-element elementor-element-79b65ff5 elementor-nav-menu__align-right elementor-nav-menu--stretch elementor-nav-menu--dropdown-tablet elementor-nav-menu__text-align-aside elementor-nav-menu--toggle elementor-nav-menu--burger elementor-widget elementor-widget-nav-menu\" data-id=\"79b65ff5\" data-element_type=\"widget\" data-settings=\"{&quot;submenu_icon&quot;:{&quot;value&quot;:&quot;&lt;i class=\\&quot;fas fa-chevron-down\\&quot;&gt;&lt;\\\/i&gt;&quot;,&quot;library&quot;:&quot;fa-solid&quot;},&quot;full_width&quot;:&quot;stretch&quot;,&quot;layout&quot;:&quot;horizontal&quot;,&quot;toggle&quot;:&quot;burger&quot;}\" data-widget_type=\"nav-menu.default\">\n\t\t\t\t<div class=\"elementor-widget-container\">\n\t\t\t\t\t\t<nav migration_allowed=\"1\" migrated=\"0\" role=\"navigation\" class=\"elementor-nav-menu--main elementor-nav-menu__container elementor-nav-menu--layout-horizontal e--pointer-none\">\n\t\t\t\t<ul id=\"menu-1-79b65ff5\" class=\"elementor-nav-menu\"><li class=\"menu-item menu-item-type-post_type menu-item-object-page menu-item-home menu-item-250\"><a href=\"https:\/\/padro-logistics.eu\/de\/\" class=\"elementor-item\">Home<\/a><\/li>\n<li class=\"menu-item menu-item-type-post_type menu-item-object-page menu-item-1289\"><a href=\"https:\/\/padro-logistics.eu\/de\/firma\/\" class=\"elementor-item\">\u00dcber uns<\/a><\/li>\n<li class=\"menu-item menu-item-type-custom menu-item-object-custom menu-item-has-children menu-item-1311\"><a href=\"#\" class=\"elementor-item elementor-item-anchor\">Transport und Versand<\/a><button class=\"sub-menu-toggle\" aria-expanded=\"false\" onclick=\"twentytwentyoneExpandSubMenu(this)\"><span class=\"icon-plus\"><svg class=\"svg-icon\" width=\"18\" height=\"18\" aria-hidden=\"true\" role=\"img\" focusable=\"false\" viewbox=\"0 0 24 24\" fill=\"none\" xmlns=\"http:\/\/www.w3.org\/2000\/svg\"><path fill-rule=\"evenodd\" clip-rule=\"evenodd\" d=\"M18 11.2h-5.2V6h-1.6v5.2H6v1.6h5.2V18h1.6v-5.2H18z\" fill=\"currentColor\"\/><\/svg><\/span><span class=\"icon-minus\"><svg class=\"svg-icon\" width=\"18\" height=\"18\" aria-hidden=\"true\" role=\"img\" focusable=\"false\" viewbox=\"0 0 24 24\" fill=\"none\" xmlns=\"http:\/\/www.w3.org\/2000\/svg\"><path fill-rule=\"evenodd\" clip-rule=\"evenodd\" d=\"M6 11h12v2H6z\" fill=\"currentColor\"\/><\/svg><\/span><span class=\"screen-reader-text\">Men\u00fc \u00f6ffnen<\/span><\/button>\n<ul class=\"sub-menu elementor-nav-menu--dropdown\">\n\t<li class=\"menu-item menu-item-type-post_type menu-item-object-page menu-item-1292\"><a href=\"https:\/\/padro-logistics.eu\/de\/transport-i-spedycja\/transport-drogowy\/\" class=\"elementor-sub-item\">Stra\u00dfentransport<\/a><\/li>\n\t<li class=\"menu-item menu-item-type-post_type menu-item-object-page menu-item-1293\"><a href=\"https:\/\/padro-logistics.eu\/de\/transport-kolejowy\/\" class=\"elementor-sub-item\">Schienenverkehr<\/a><\/li>\n\t<li class=\"menu-item menu-item-type-post_type menu-item-object-page menu-item-1294\"><a href=\"https:\/\/padro-logistics.eu\/de\/transport-morski\/\" class=\"elementor-sub-item\">Seeverkehr<\/a><\/li>\n\t<li class=\"menu-item menu-item-type-post_type menu-item-object-page menu-item-1298\"><a href=\"https:\/\/padro-logistics.eu\/de\/transport-lotniczy\/\" class=\"elementor-sub-item\">Luftverkehr<\/a><\/li>\n\t<li class=\"menu-item menu-item-type-post_type menu-item-object-page menu-item-1656\"><a href=\"https:\/\/padro-logistics.eu\/de\/transport-i-spedycja\/transport-intermodalny\/\" class=\"elementor-sub-item\">Intermodaler transport<\/a><\/li>\n<\/ul>\n<\/li>\n<li class=\"menu-item menu-item-type-post_type menu-item-object-page menu-item-1642\"><a href=\"https:\/\/padro-logistics.eu\/de\/logistyka\/\" class=\"elementor-item\">Logistik<\/a><\/li>\n<li class=\"menu-item menu-item-type-post_type menu-item-object-page menu-item-1639\"><a href=\"https:\/\/padro-logistics.eu\/de\/kariera-2\/\" class=\"elementor-item\">Karriere<\/a><\/li>\n<li class=\"menu-item menu-item-type-post_type menu-item-object-page menu-item-1290\"><a href=\"https:\/\/padro-logistics.eu\/de\/kontakt\/\" class=\"elementor-item\">Kontakt<\/a><\/li>\n<\/ul>\t\t\t<\/nav>\n\t\t\t\t\t<div class=\"elementor-menu-toggle\" role=\"button\" tabindex=\"0\" aria-label=\"Menu Toggle\" aria-expanded=\"false\">\n\t\t\t<i aria-hidden=\"true\" role=\"presentation\" class=\"eicon-menu-bar\"><\/i>\t\t\t<span class=\"elementor-screen-only\">Menu<\/span>\n\t\t<\/div>\n\t\t\t<nav class=\"elementor-nav-menu--dropdown elementor-nav-menu__container\" role=\"navigation\" aria-hidden=\"true\">\n\t\t\t\t<ul id=\"menu-2-79b65ff5\" class=\"elementor-nav-menu\"><li class=\"menu-item menu-item-type-post_type menu-item-object-page menu-item-home menu-item-250\"><a href=\"https:\/\/padro-logistics.eu\/de\/\" class=\"elementor-item\" tabindex=\"-1\">Home<\/a><\/li>\n<li class=\"menu-item menu-item-type-post_type menu-item-object-page menu-item-1289\"><a href=\"https:\/\/padro-logistics.eu\/de\/firma\/\" class=\"elementor-item\" tabindex=\"-1\">\u00dcber uns<\/a><\/li>\n<li class=\"menu-item menu-item-type-custom menu-item-object-custom menu-item-has-children menu-item-1311\"><a href=\"#\" class=\"elementor-item elementor-item-anchor\" tabindex=\"-1\">Transport und Versand<\/a><button class=\"sub-menu-toggle\" aria-expanded=\"false\" onclick=\"twentytwentyoneExpandSubMenu(this)\"><span class=\"icon-plus\"><svg class=\"svg-icon\" width=\"18\" height=\"18\" aria-hidden=\"true\" role=\"img\" focusable=\"false\" viewbox=\"0 0 24 24\" fill=\"none\" xmlns=\"http:\/\/www.w3.org\/2000\/svg\"><path fill-rule=\"evenodd\" clip-rule=\"evenodd\" d=\"M18 11.2h-5.2V6h-1.6v5.2H6v1.6h5.2V18h1.6v-5.2H18z\" fill=\"currentColor\"\/><\/svg><\/span><span class=\"icon-minus\"><svg class=\"svg-icon\" width=\"18\" height=\"18\" aria-hidden=\"true\" role=\"img\" focusable=\"false\" viewbox=\"0 0 24 24\" fill=\"none\" xmlns=\"http:\/\/www.w3.org\/2000\/svg\"><path fill-rule=\"evenodd\" clip-rule=\"evenodd\" d=\"M6 11h12v2H6z\" fill=\"currentColor\"\/><\/svg><\/span><span class=\"screen-reader-text\">Men\u00fc \u00f6ffnen<\/span><\/button>\n<ul class=\"sub-menu elementor-nav-menu--dropdown\">\n\t<li class=\"menu-item menu-item-type-post_type menu-item-object-page menu-item-1292\"><a href=\"https:\/\/padro-logistics.eu\/de\/transport-i-spedycja\/transport-drogowy\/\" class=\"elementor-sub-item\" tabindex=\"-1\">Stra\u00dfentransport<\/a><\/li>\n\t<li class=\"menu-item menu-item-type-post_type menu-item-object-page menu-item-1293\"><a href=\"https:\/\/padro-logistics.eu\/de\/transport-kolejowy\/\" class=\"elementor-sub-item\" tabindex=\"-1\">Schienenverkehr<\/a><\/li>\n\t<li class=\"menu-item menu-item-type-post_type menu-item-object-page menu-item-1294\"><a href=\"https:\/\/padro-logistics.eu\/de\/transport-morski\/\" class=\"elementor-sub-item\" tabindex=\"-1\">Seeverkehr<\/a><\/li>\n\t<li class=\"menu-item menu-item-type-post_type menu-item-object-page menu-item-1298\"><a href=\"https:\/\/padro-logistics.eu\/de\/transport-lotniczy\/\" class=\"elementor-sub-item\" tabindex=\"-1\">Luftverkehr<\/a><\/li>\n\t<li class=\"menu-item menu-item-type-post_type menu-item-object-page menu-item-1656\"><a href=\"https:\/\/padro-logistics.eu\/de\/transport-i-spedycja\/transport-intermodalny\/\" class=\"elementor-sub-item\" tabindex=\"-1\">Intermodaler transport<\/a><\/li>\n<\/ul>\n<\/li>\n<li class=\"menu-item menu-item-type-post_type menu-item-object-page menu-item-1642\"><a href=\"https:\/\/padro-logistics.eu\/de\/logistyka\/\" class=\"elementor-item\" tabindex=\"-1\">Logistik<\/a><\/li>\n<li class=\"menu-item menu-item-type-post_type menu-item-object-page menu-item-1639\"><a href=\"https:\/\/padro-logistics.eu\/de\/kariera-2\/\" class=\"elementor-item\" tabindex=\"-1\">Karriere<\/a><\/li>\n<li class=\"menu-item menu-item-type-post_type menu-item-object-page menu-item-1290\"><a href=\"https:\/\/padro-logistics.eu\/de\/kontakt\/\" class=\"elementor-item\" tabindex=\"-1\">Kontakt<\/a><\/li>\n<\/ul>\t\t\t<\/nav>\n\t\t\t\t<\/div>\n\t\t\t\t<\/div>\n\t\t\t\t\t<\/div>\n\t\t<\/div>\n\t\t\t\t\t\t\t<\/div>\n\t\t<\/section>\n\t\t\t\t<section class=\"elementor-section elementor-inner-section elementor-element elementor-element-1ec96876 elementor-section-boxed elementor-section-height-default elementor-section-height-default\" data-id=\"1ec96876\" data-element_type=\"section\">\n\t\t\t\t\t\t<div class=\"elementor-container elementor-column-gap-no\">\n\t\t\t\t\t<div class=\"elementor-column elementor-col-100 elementor-inner-column elementor-element elementor-element-3ec7b212\" data-id=\"3ec7b212\" data-element_type=\"column\">\n\t\t\t<div class=\"elementor-widget-wrap elementor-element-populated\">\n\t\t\t\t\t\t\t\t<div class=\"elementor-element elementor-element-2708aba1 elementor-widget elementor-widget-text-editor\" data-id=\"2708aba1\" data-element_type=\"widget\" data-widget_type=\"text-editor.default\">\n\t\t\t\t<div class=\"elementor-widget-container\">\n\t\t\t\t\t\t\t<p>Strona g\u0142\u00f3wna > Transport i spedycja > Transport intermodalny<\/p>\t\t\t\t\t\t<\/div>\n\t\t\t\t<\/div>\n\t\t\t\t<div class=\"elementor-element elementor-element-4c07c01c elementor-widget elementor-widget-heading\" data-id=\"4c07c01c\" data-element_type=\"widget\" data-widget_type=\"heading.default\">\n\t\t\t\t<div class=\"elementor-widget-container\">\n\t\t\t<h1 class=\"elementor-heading-title elementor-size-default\">Intermodaler transport<\/h1>\t\t<\/div>\n\t\t\t\t<\/div>\n\t\t\t\t\t<\/div>\n\t\t<\/div>\n\t\t\t\t\t\t\t<\/div>\n\t\t<\/section>\n\t\t\t\t\t<\/div>\n\t\t<\/div>\n\t\t\t\t\t\t\t<\/div>\n\t\t<\/section>\n\t\t\t\t<section class=\"elementor-section elementor-top-section elementor-element elementor-element-b6c5029 elementor-section-boxed elementor-section-height-default elementor-section-height-default\" data-id=\"b6c5029\" data-element_type=\"section\">\n\t\t\t\t\t\t<div class=\"elementor-container elementor-column-gap-custom\">\n\t\t\t\t\t<div class=\"elementor-column elementor-col-50 elementor-top-column elementor-element elementor-element-d135885\" data-id=\"d135885\" data-element_type=\"column\">\n\t\t\t<div class=\"elementor-widget-wrap elementor-element-populated\">\n\t\t\t\t\t\t\t\t<div class=\"elementor-element elementor-element-4e2669b elementor-widget elementor-widget-text-editor\" data-id=\"4e2669b\" data-element_type=\"widget\" data-widget_type=\"text-editor.default\">\n\t\t\t\t<div class=\"elementor-widget-container\">\n\t\t\t\t\t\t\t<p>Unser Angebot wird erg\u00e4nzt durch die Organisation von Transporten mit verschiedenen Transportmitteln f\u00fcr eine Ladung, ohne Umladung und auf der Grundlage eines Transportvertrags.<\/p><p>\u00a0<\/p><p>Es handelt sich um eine moderne und flexible Art der G\u00fcterbef\u00f6rderung, die auf Ihre Anforderungen und Erwartungen zugeschnitten ist. Es ist die effektivste Art der G\u00fcterbef\u00f6rderung im \"T\u00fcr-zu-T\u00fcr\"-System.<\/p>\t\t\t\t\t\t<\/div>\n\t\t\t\t<\/div>\n\t\t\t\t\t<\/div>\n\t\t<\/div>\n\t\t\t\t<div class=\"elementor-column elementor-col-50 elementor-top-column elementor-element elementor-element-cbd436e\" data-id=\"cbd436e\" data-element_type=\"column\">\n\t\t\t<div class=\"elementor-widget-wrap elementor-element-populated\">\n\t\t\t\t\t\t\t\t<div class=\"elementor-element elementor-element-bfa9b5b elementor-widget elementor-widget-image\" data-id=\"bfa9b5b\" data-element_type=\"widget\" data-widget_type=\"image.default\">\n\t\t\t\t<div class=\"elementor-widget-container\">\n\t\t\t\t\t\t\t\t\t\t\t\t\t\t\t<img loading=\"lazy\" decoding=\"async\" width=\"750\" height=\"448\" src=\"https:\/\/padro-logistics.eu\/wp-content\/uploads\/2021\/12\/Mask-Group@2x-2-1024x611.png\" class=\"attachment-large size-large\" alt=\"\" srcset=\"https:\/\/padro-logistics.eu\/wp-content\/uploads\/2021\/12\/Mask-Group@2x-2-1024x611.png 1024w, https:\/\/padro-logistics.eu\/wp-content\/uploads\/2021\/12\/Mask-Group@2x-2-300x179.png 300w, https:\/\/padro-logistics.eu\/wp-content\/uploads\/2021\/12\/Mask-Group@2x-2-768x458.png 768w, https:\/\/padro-logistics.eu\/wp-content\/uploads\/2021\/12\/Mask-Group@2x-2.png 1140w\" sizes=\"auto, (max-width: 750px) 100vw, 750px\" style=\"width:100%;height:59.65%;max-width:1140px\" \/>\t\t\t\t\t\t\t\t\t\t\t\t\t\t\t<\/div>\n\t\t\t\t<\/div>\n\t\t\t\t\t<\/div>\n\t\t<\/div>\n\t\t\t\t\t\t\t<\/div>\n\t\t<\/section>\n\t\t\t\t<section class=\"elementor-section elementor-top-section elementor-element elementor-element-a22664c elementor-section-boxed elementor-section-height-default elementor-section-height-default\" data-id=\"a22664c\" data-element_type=\"section\">\n\t\t\t\t\t\t<div class=\"elementor-container elementor-column-gap-custom\">\n\t\t\t\t\t<div class=\"elementor-column elementor-col-50 elementor-top-column elementor-element elementor-element-c73c311\" data-id=\"c73c311\" data-element_type=\"column\">\n\t\t\t<div class=\"elementor-widget-wrap elementor-element-populated\">\n\t\t\t\t\t\t\t\t<div class=\"elementor-element elementor-element-64cda92 elementor-widget elementor-widget-image\" data-id=\"64cda92\" data-element_type=\"widget\" data-widget_type=\"image.default\">\n\t\t\t\t<div class=\"elementor-widget-container\">\n\t\t\t\t\t\t\t\t\t\t\t\t\t\t\t<img loading=\"lazy\" decoding=\"async\" width=\"750\" height=\"448\" src=\"https:\/\/padro-logistics.eu\/wp-content\/uploads\/2021\/12\/Mask-Group@2x-3-1024x611.png\" class=\"attachment-large size-large\" alt=\"\" srcset=\"https:\/\/padro-logistics.eu\/wp-content\/uploads\/2021\/12\/Mask-Group@2x-3-1024x611.png 1024w, https:\/\/padro-logistics.eu\/wp-content\/uploads\/2021\/12\/Mask-Group@2x-3-300x179.png 300w, https:\/\/padro-logistics.eu\/wp-content\/uploads\/2021\/12\/Mask-Group@2x-3-768x458.png 768w, https:\/\/padro-logistics.eu\/wp-content\/uploads\/2021\/12\/Mask-Group@2x-3.png 1140w\" sizes=\"auto, (max-width: 750px) 100vw, 750px\" style=\"width:100%;height:59.65%;max-width:1140px\" \/>\t\t\t\t\t\t\t\t\t\t\t\t\t\t\t<\/div>\n\t\t\t\t<\/div>\n\t\t\t\t\t<\/div>\n\t\t<\/div>\n\t\t\t\t<div class=\"elementor-column elementor-col-50 elementor-top-column elementor-element elementor-element-4025910\" data-id=\"4025910\" data-element_type=\"column\">\n\t\t\t<div class=\"elementor-widget-wrap elementor-element-populated\">\n\t\t\t\t\t\t\t\t<div class=\"elementor-element elementor-element-023b034 elementor-widget elementor-widget-text-editor\" data-id=\"023b034\" data-element_type=\"widget\" data-widget_type=\"text-editor.default\">\n\t\t\t\t<div class=\"elementor-widget-container\">\n\t\t\t\t\t\t\t<p>Multimodale Dienste k\u00f6nnen internationale und interkontinentale Transporte ohne Einschr\u00e4nkungen durchf\u00fchren.<\/p><p>\u00a0<\/p><p>Wir bieten die Organisation von intermodalen Transporten aus den H\u00e4fen Gdynia, Hamburg, Antwerpen sowie Containertransporte aus China \u00fcber die Transsibirische Eisenbahn. Wir bieten einen umfassenden Zollservice, eine st\u00e4ndige \u00dcberwachung der Sendung w\u00e4hrend der gesamten Strecke (einschlie\u00dflich der Versicherung der Ladung) und die Verteilung von den Terminals per Stra\u00dfentransport.<\/p>\t\t\t\t\t\t<\/div>\n\t\t\t\t<\/div>\n\t\t\t\t\t<\/div>\n\t\t<\/div>\n\t\t\t\t\t\t\t<\/div>\n\t\t<\/section>\n\t\t\t\t<section class=\"elementor-section elementor-top-section elementor-element elementor-element-7e55d68c elementor-section-boxed elementor-section-height-default elementor-section-height-default\" data-id=\"7e55d68c\" data-element_type=\"section\" data-settings=\"{&quot;background_background&quot;:&quot;classic&quot;}\">\n\t\t\t\t\t\t<div class=\"elementor-container elementor-column-gap-no\">\n\t\t\t\t\t<div class=\"elementor-column elementor-col-50 elementor-top-column elementor-element elementor-element-34b5229c\" data-id=\"34b5229c\" data-element_type=\"column\">\n\t\t\t<div class=\"elementor-widget-wrap elementor-element-populated\">\n\t\t\t\t\t\t\t\t<div class=\"elementor-element elementor-element-b007a30 elementor-widget elementor-widget-heading\" data-id=\"b007a30\" data-element_type=\"widget\" data-widget_type=\"heading.default\">\n\t\t\t\t<div class=\"elementor-widget-container\">\n\t\t\t<h2 class=\"elementor-heading-title elementor-size-default\">Intermodaler transport Angebot<\/h2>\t\t<\/div>\n\t\t\t\t<\/div>\n\t\t\t\t\t<\/div>\n\t\t<\/div>\n\t\t\t\t<div class=\"elementor-column elementor-col-50 elementor-top-column elementor-element elementor-element-5fc87a69\" data-id=\"5fc87a69\" data-element_type=\"column\">\n\t\t\t<div class=\"elementor-widget-wrap elementor-element-populated\">\n\t\t\t\t\t\t\t\t<section class=\"elementor-section elementor-inner-section elementor-element elementor-element-4a6eb331 elementor-section-content-middle elementor-section-boxed elementor-section-height-default elementor-section-height-default\" data-id=\"4a6eb331\" data-element_type=\"section\">\n\t\t\t\t\t\t<div class=\"elementor-container elementor-column-gap-default\">\n\t\t\t\t\t<div class=\"elementor-column elementor-col-100 elementor-inner-column elementor-element elementor-element-4f5a304d\" data-id=\"4f5a304d\" data-element_type=\"column\">\n\t\t\t<div class=\"elementor-widget-wrap elementor-element-populated\">\n\t\t\t\t\t\t\t\t<div class=\"elementor-element elementor-element-c76350d elementor-icon-list--layout-traditional elementor-list-item-link-full_width elementor-widget elementor-widget-icon-list\" data-id=\"c76350d\" data-element_type=\"widget\" data-widget_type=\"icon-list.default\">\n\t\t\t\t<div class=\"elementor-widget-container\">\n\t\t\t\t\t<ul class=\"elementor-icon-list-items\">\n\t\t\t\t\t\t\t<li class=\"elementor-icon-list-item\">\n\t\t\t\t\t\t\t\t\t\t\t<span class=\"elementor-icon-list-icon\">\n\t\t\t\t\t\t\t<svg xmlns=\"http:\/\/www.w3.org\/2000\/svg\" width=\"15\" height=\"15\" viewbox=\"0 0 15 15\" fill=\"none\"><path fill-rule=\"evenodd\" clip-rule=\"evenodd\" d=\"M0 7.5a7.5 7.5 0 1 1 15 0 7.5 7.5 0 0 1-15 0zm7.072 3.21 4.318-5.398-.78-.624-3.682 4.601L4.32 7.116l-.64.768 3.392 2.827v-.001z\" fill=\"url(#a)\"><\/path><defs><lineargradient id=\"a\" x1=\"0\" y1=\"0\" x2=\"0\" y2=\"15\" gradientunits=\"userSpaceOnUse\"><stop stop-color=\"#79C7FF\"><\/stop><stop offset=\"1\" stop-color=\"#179ADD\"><\/stop><\/lineargradient><\/defs><\/svg>\t\t\t\t\t\t<\/span>\n\t\t\t\t\t\t\t\t\t\t<span class=\"elementor-icon-list-text\">umfassender Zollservice<\/span>\n\t\t\t\t\t\t\t\t\t<\/li>\n\t\t\t\t\t\t\t\t<li class=\"elementor-icon-list-item\">\n\t\t\t\t\t\t\t\t\t\t\t<span class=\"elementor-icon-list-icon\">\n\t\t\t\t\t\t\t<svg xmlns=\"http:\/\/www.w3.org\/2000\/svg\" width=\"15\" height=\"15\" viewbox=\"0 0 15 15\" fill=\"none\"><path fill-rule=\"evenodd\" clip-rule=\"evenodd\" d=\"M0 7.5a7.5 7.5 0 1 1 15 0 7.5 7.5 0 0 1-15 0zm7.072 3.21 4.318-5.398-.78-.624-3.682 4.601L4.32 7.116l-.64.768 3.392 2.827v-.001z\" fill=\"url(#a)\"><\/path><defs><lineargradient id=\"a\" x1=\"0\" y1=\"0\" x2=\"0\" y2=\"15\" gradientunits=\"userSpaceOnUse\"><stop stop-color=\"#79C7FF\"><\/stop><stop offset=\"1\" stop-color=\"#179ADD\"><\/stop><\/lineargradient><\/defs><\/svg>\t\t\t\t\t\t<\/span>\n\t\t\t\t\t\t\t\t\t\t<span class=\"elementor-icon-list-text\">st\u00e4ndige \u00dcberwachung der Sendung \u00fcber den gesamten Transportweg<\/span>\n\t\t\t\t\t\t\t\t\t<\/li>\n\t\t\t\t\t\t\t\t<li class=\"elementor-icon-list-item\">\n\t\t\t\t\t\t\t\t\t\t\t<span class=\"elementor-icon-list-icon\">\n\t\t\t\t\t\t\t<svg xmlns=\"http:\/\/www.w3.org\/2000\/svg\" width=\"15\" height=\"15\" viewbox=\"0 0 15 15\" fill=\"none\"><path fill-rule=\"evenodd\" clip-rule=\"evenodd\" d=\"M0 7.5a7.5 7.5 0 1 1 15 0 7.5 7.5 0 0 1-15 0zm7.072 3.21 4.318-5.398-.78-.624-3.682 4.601L4.32 7.116l-.64.768 3.392 2.827v-.001z\" fill=\"url(#a)\"><\/path><defs><lineargradient id=\"a\" x1=\"0\" y1=\"0\" x2=\"0\" y2=\"15\" gradientunits=\"userSpaceOnUse\"><stop stop-color=\"#79C7FF\"><\/stop><stop offset=\"1\" stop-color=\"#179ADD\"><\/stop><\/lineargradient><\/defs><\/svg>\t\t\t\t\t\t<\/span>\n\t\t\t\t\t\t\t\t\t\t<span class=\"elementor-icon-list-text\">G\u00fcterversicherung<\/span>\n\t\t\t\t\t\t\t\t\t<\/li>\n\t\t\t\t\t\t\t\t<li class=\"elementor-icon-list-item\">\n\t\t\t\t\t\t\t\t\t\t\t<span class=\"elementor-icon-list-icon\">\n\t\t\t\t\t\t\t<svg xmlns=\"http:\/\/www.w3.org\/2000\/svg\" width=\"15\" height=\"15\" viewbox=\"0 0 15 15\" fill=\"none\"><path fill-rule=\"evenodd\" clip-rule=\"evenodd\" d=\"M0 7.5a7.5 7.5 0 1 1 15 0 7.5 7.5 0 0 1-15 0zm7.072 3.21 4.318-5.398-.78-.624-3.682 4.601L4.32 7.116l-.64.768 3.392 2.827v-.001z\" fill=\"url(#a)\"><\/path><defs><lineargradient id=\"a\" x1=\"0\" y1=\"0\" x2=\"0\" y2=\"15\" gradientunits=\"userSpaceOnUse\"><stop stop-color=\"#79C7FF\"><\/stop><stop offset=\"1\" stop-color=\"#179ADD\"><\/stop><\/lineargradient><\/defs><\/svg>\t\t\t\t\t\t<\/span>\n\t\t\t\t\t\t\t\t\t\t<span class=\"elementor-icon-list-text\">Verteilung von Terminals per Stra\u00dfentransport<\/span>\n\t\t\t\t\t\t\t\t\t<\/li>\n\t\t\t\t\t\t<\/ul>\n\t\t\t\t<\/div>\n\t\t\t\t<\/div>\n\t\t\t\t\t<\/div>\n\t\t<\/div>\n\t\t\t\t\t\t\t<\/div>\n\t\t<\/section>\n\t\t\t\t\t<\/div>\n\t\t<\/div>\n\t\t\t\t\t\t\t<\/div>\n\t\t<\/section>\n\t\t\t\t<section class=\"elementor-section elementor-top-section elementor-element elementor-element-25791d0a elementor-section-boxed elementor-section-height-default elementor-section-height-default\" data-id=\"25791d0a\" data-element_type=\"section\" data-settings=\"{&quot;background_background&quot;:&quot;classic&quot;}\">\n\t\t\t\t\t\t<div class=\"elementor-container elementor-column-gap-no\">\n\t\t\t\t\t<div class=\"elementor-column elementor-col-100 elementor-top-column elementor-element elementor-element-52737dbc\" data-id=\"52737dbc\" data-element_type=\"column\">\n\t\t\t<div class=\"elementor-widget-wrap elementor-element-populated\">\n\t\t\t\t\t\t\t\t<section class=\"elementor-section elementor-inner-section elementor-element elementor-element-2a3c4926 elementor-section-height-min-height elementor-section-content-middle elementor-hidden-mobile elementor-section-boxed elementor-section-height-default\" data-id=\"2a3c4926\" data-element_type=\"section\">\n\t\t\t\t\t\t<div class=\"elementor-container elementor-column-gap-no\">\n\t\t\t\t\t<div class=\"elementor-column elementor-col-50 elementor-inner-column elementor-element elementor-element-188f5964\" data-id=\"188f5964\" data-element_type=\"column\">\n\t\t\t<div class=\"elementor-widget-wrap elementor-element-populated\">\n\t\t\t\t\t\t\t\t<div class=\"elementor-element elementor-element-235c0ea3 elementor-widget elementor-widget-heading\" data-id=\"235c0ea3\" data-element_type=\"widget\" data-widget_type=\"heading.default\">\n\t\t\t\t<div class=\"elementor-widget-container\">\n\t\t\t<h2 class=\"elementor-heading-title elementor-size-default\">Kontakt Formular<\/h2>\t\t<\/div>\n\t\t\t\t<\/div>\n\t\t\t\t\t<\/div>\n\t\t<\/div>\n\t\t\t\t<div class=\"elementor-column elementor-col-50 elementor-inner-column elementor-element elementor-element-498ccf14\" data-id=\"498ccf14\" data-element_type=\"column\">\n\t\t\t<div class=\"elementor-widget-wrap elementor-element-populated\">\n\t\t\t\t\t\t\t\t<div class=\"elementor-element elementor-element-4a2a3a7e elementor-widget elementor-widget-heading\" data-id=\"4a2a3a7e\" data-element_type=\"widget\" data-widget_type=\"heading.default\">\n\t\t\t\t<div class=\"elementor-widget-container\">\n\t\t\t<h2 class=\"elementor-heading-title elementor-size-default\">Preisgestaltung<\/h2>\t\t<\/div>\n\t\t\t\t<\/div>\n\t\t\t\t\t<\/div>\n\t\t<\/div>\n\t\t\t\t\t\t\t<\/div>\n\t\t<\/section>\n\t\t\t\t<section class=\"elementor-section elementor-inner-section elementor-element elementor-element-aea8c48 elementor-section-height-min-height elementor-section-content-middle elementor-hidden-desktop elementor-hidden-tablet elementor-section-boxed elementor-section-height-default\" data-id=\"aea8c48\" data-element_type=\"section\">\n\t\t\t\t\t\t<div class=\"elementor-container elementor-column-gap-no\">\n\t\t\t\t\t<div class=\"elementor-column elementor-col-100 elementor-inner-column elementor-element elementor-element-86c6d38\" data-id=\"86c6d38\" data-element_type=\"column\">\n\t\t\t<div class=\"elementor-widget-wrap elementor-element-populated\">\n\t\t\t\t\t\t\t\t<div class=\"elementor-element elementor-element-22e8f74 elementor-widget elementor-widget-heading\" data-id=\"22e8f74\" data-element_type=\"widget\" data-widget_type=\"heading.default\">\n\t\t\t\t<div class=\"elementor-widget-container\">\n\t\t\t<h2 class=\"elementor-heading-title elementor-size-default\">Formularz i Wycena<\/h2>\t\t<\/div>\n\t\t\t\t<\/div>\n\t\t\t\t\t<\/div>\n\t\t<\/div>\n\t\t\t\t\t\t\t<\/div>\n\t\t<\/section>\n\t\t\t\t\t<\/div>\n\t\t<\/div>\n\t\t\t\t\t\t\t<\/div>\n\t\t<\/section>\n\t\t\t\t<section class=\"elementor-section elementor-top-section elementor-element elementor-element-298b0bb5 elementor-section-boxed elementor-section-height-default elementor-section-height-default\" data-id=\"298b0bb5\" data-element_type=\"section\">\n\t\t\t\t\t\t<div class=\"elementor-container elementor-column-gap-no\">\n\t\t\t\t\t<div class=\"elementor-column elementor-col-100 elementor-top-column elementor-element elementor-element-2207ce67\" data-id=\"2207ce67\" data-element_type=\"column\">\n\t\t\t<div class=\"elementor-widget-wrap elementor-element-populated\">\n\t\t\t\t\t\t\t\t<div class=\"elementor-element elementor-element-5c133338 elementor-widget elementor-widget-text-editor\" data-id=\"5c133338\" data-element_type=\"widget\" data-widget_type=\"text-editor.default\">\n\t\t\t\t<div class=\"elementor-widget-container\">\n\t\t\t\t\t\t\t<p>Haben Sie mit geringer Fahrzeugverf\u00fcgbarkeit, langsamen Reaktionszeiten auf Anfragen, versp\u00e4teten Lieferungen und hohen Transportkosten zu k\u00e4mpfen? Testen Sie unseren Service!<\/p>\t\t\t\t\t\t<\/div>\n\t\t\t\t<\/div>\n\t\t\t\t<div class=\"elementor-element elementor-element-37292743 elementor-widget elementor-widget-heading\" data-id=\"37292743\" data-element_type=\"widget\" data-widget_type=\"heading.default\">\n\t\t\t\t<div class=\"elementor-widget-container\">\n\t\t\t<h4 class=\"elementor-heading-title elementor-size-default\">Kontaktdetails<\/h4>\t\t<\/div>\n\t\t\t\t<\/div>\n\t\t\t\t<section class=\"elementor-section elementor-inner-section elementor-element elementor-element-14d41891 elementor-section-boxed elementor-section-height-default elementor-section-height-default\" data-id=\"14d41891\" data-element_type=\"section\">\n\t\t\t\t\t\t<div class=\"elementor-container elementor-column-gap-no\">\n\t\t\t\t\t<div class=\"elementor-column elementor-col-66 elementor-inner-column elementor-element elementor-element-1a1ed710\" data-id=\"1a1ed710\" data-element_type=\"column\">\n\t\t\t<div class=\"elementor-widget-wrap elementor-element-populated\">\n\t\t\t\t\t\t\t\t<div class=\"elementor-element elementor-element-469ddfc3 elementor-widget elementor-widget-shortcode\" data-id=\"469ddfc3\" data-element_type=\"widget\" data-widget_type=\"shortcode.default\">\n\t\t\t\t<div class=\"elementor-widget-container\">\n\t\t\t\t\t<div class=\"elementor-shortcode\"><div role=\"form\" class=\"wpcf7\" id=\"wpcf7-f4-o1\" lang=\"pl-PL\" dir=\"ltr\">\n<div class=\"screen-reader-response\"><p role=\"status\" aria-live=\"polite\" aria-atomic=\"true\"><\/p> <ul><\/ul><\/div>\n<form action=\"\/de\/wp-json\/wp\/v2\/pages\/1375#wpcf7-f4-o1\" method=\"post\" class=\"wpcf7-form init\" novalidate=\"novalidate\" data-status=\"init\" data-trp-original-action=\"\/de\/wp-json\/wp\/v2\/pages\/1375#wpcf7-f4-o1\">\n<div style=\"display: none;\">\n<input type=\"hidden\" name=\"_wpcf7\" value=\"4\" \/>\n<input type=\"hidden\" name=\"_wpcf7_version\" value=\"5.5.6\" \/>\n<input type=\"hidden\" name=\"_wpcf7_locale\" value=\"pl_PL\" \/>\n<input type=\"hidden\" name=\"_wpcf7_unit_tag\" value=\"wpcf7-f4-o1\" \/>\n<input type=\"hidden\" name=\"_wpcf7_container_post\" value=\"0\" \/>\n<input type=\"hidden\" name=\"_wpcf7_posted_data_hash\" value=\"\" \/>\n<input type=\"hidden\" name=\"_wpcf7_recaptcha_response\" value=\"\" \/>\n<\/div>\n<div class=\"wpcf_items_container\"><span class=\"wpcf_item\"><span class=\"wpcf7-form-control-wrap your-name\"><input type=\"text\" name=\"your-name\" value=\"\" size=\"40\" class=\"wpcf7-form-control wpcf7-text wpcf7-validates-as-required\" aria-required=\"true\" aria-invalid=\"false\" placeholder=\"Vorname und Nachname\" \/><\/span><\/span><span class=\"wpcf_item\"><span class=\"wpcf7-form-control-wrap your-email\"><input type=\"email\" name=\"your-email\" value=\"\" size=\"40\" class=\"wpcf7-form-control wpcf7-text wpcf7-email wpcf7-validates-as-email\" aria-invalid=\"false\" placeholder=\"email\" \/><\/span><\/span><\/div>\n<div class=\"wpcf_items_container\"><span class=\"wpcf_item\" style=\"display:flex;\"><select name=\"webmenu\" is=\"ms-dropdown\"><br \/>\n    <option value=\"calendar\" data-image=\"https:\/\/serwer2104646.home.pl\/autoinstalator\/wordpressplugins2\/wp-content\/uploads\/2021\/12\/PL.png\">PL<\/option><br \/>\n    <option value=\"shopping_cart\" data-image=\"https:\/\/serwer2104646.home.pl\/autoinstalator\/wordpressplugins2\/wp-content\/uploads\/2021\/12\/DE.png\">DE<\/option><br \/>\n    <option value=\"cd\" data-image=\"https:\/\/serwer2104646.home.pl\/autoinstalator\/wordpressplugins2\/wp-content\/uploads\/2021\/12\/UK.png\">EN<\/option><br \/>\n<\/select><span class=\"wpcf7-form-control-wrap tel-phone\"><input type=\"tel\" name=\"tel-phone\" value=\"\" size=\"40\" class=\"wpcf7-form-control wpcf7-text wpcf7-tel wpcf7-validates-as-required wpcf7-validates-as-tel\" aria-required=\"true\" aria-invalid=\"false\" placeholder=\"Telefonnummer\" \/><\/span><\/span><span class=\"wpcf_item\"><span class=\"wpcf7-form-control-wrap your-subject\"><input type=\"text\" name=\"your-subject\" value=\"\" size=\"40\" class=\"wpcf7-form-control wpcf7-text wpcf7-validates-as-required\" aria-required=\"true\" aria-invalid=\"false\" placeholder=\"Betreff der Nachricht\" \/><\/span><\/span><\/div>\n<h4 style=\"font-size:20px; line-height:32px; color:black;margin-bottom:16px;\">Deine Nachricht<\/h4>\n<div style=\"display:flex;\">\n<div class=\"wpcf_textarea\"><span class=\"wpcf7-form-control-wrap your-message\"><textarea name=\"your-message\" cols=\"40\" rows=\"10\" class=\"wpcf7-form-control wpcf7-textarea\" aria-invalid=\"false\" placeholder=\"Nachrichteninhalt\"><\/textarea><\/span><\/div>\n<\/div>\n<p><input type=\"submit\" value=\"Anfrage senden\" class=\"wpcf7-form-control has-spinner wpcf7-submit\" \/><\/p>\n\n<div class=\"wpcf7-response-output\" aria-hidden=\"true\"><\/div><input type=\"hidden\" name=\"trp-form-language\" value=\"de\"\/><\/form><\/div><\/div>\n\t\t\t\t<\/div>\n\t\t\t\t<\/div>\n\t\t\t\t\t<\/div>\n\t\t<\/div>\n\t\t\t\t<div class=\"elementor-column elementor-col-33 elementor-inner-column elementor-element elementor-element-6db8b55e elementor-hidden-tablet elementor-hidden-mobile\" data-id=\"6db8b55e\" data-element_type=\"column\" data-settings=\"{&quot;background_background&quot;:&quot;gradient&quot;}\">\n\t\t\t<div class=\"elementor-widget-wrap elementor-element-populated\">\n\t\t\t\t\t\t\t\t<div class=\"elementor-element elementor-element-7d416ca2 elementor-widget elementor-widget-text-editor\" data-id=\"7d416ca2\" data-element_type=\"widget\" data-widget_type=\"text-editor.default\">\n\t\t\t\t<div class=\"elementor-widget-container\">\n\t\t\t\t\t\t\t<div style=\"font-size: 28px; color: #ffffff;margin-bottom:16px;display;block;\"><strong style=\"font-weight: 500;\">Karriere<\/strong> <span style=\"font-weight: 300;\">in der TSL-Branche<\/span><\/div>\n<span style=\"font-size: 20px; lin\u0119-height: 37px; color: #ffffff;\">Sind Sie ein energischer und optimistischer Mensch? M\u00f6gen Sie einen Job, bei dem der Kontakt zum Kunden von zentraler Bedeutung ist?\n<span style=\"font-weight: 500;\">Trete unserem Team bei!<\/span><\/span>\t\t\t\t\t\t<\/div>\n\t\t\t\t<\/div>\n\t\t\t\t<div class=\"elementor-element elementor-element-29cc4786 elementor-align-justify elementor-widget elementor-widget-button\" data-id=\"29cc4786\" data-element_type=\"widget\" data-widget_type=\"button.default\">\n\t\t\t\t<div class=\"elementor-widget-container\">\n\t\t\t\t\t<div class=\"elementor-button-wrapper\">\n\t\t\t<a href=\"#\" class=\"elementor-button-link elementor-button elementor-size-sm\" role=\"button\">\n\t\t\t\t\t\t<span class=\"elementor-button-content-wrapper\">\n\t\t\t\t\t\t<span class=\"elementor-button-text\">siehe Angebote<\/span>\n\t\t<\/span>\n\t\t\t\t\t<\/a>\n\t\t<\/div>\n\t\t\t\t<\/div>\n\t\t\t\t<\/div>\n\t\t\t\t\t<\/div>\n\t\t<\/div>\n\t\t\t\t\t\t\t<\/div>\n\t\t<\/section>\n\t\t\t\t\t<\/div>\n\t\t<\/div>\n\t\t\t\t\t\t\t<\/div>\n\t\t<\/section>\n\t\t\t\t<section class=\"elementor-section elementor-top-section elementor-element elementor-element-3a84ede1 elementor-section-boxed elementor-section-height-default elementor-section-height-default\" data-id=\"3a84ede1\" data-element_type=\"section\">\n\t\t\t\t\t\t<div class=\"elementor-container elementor-column-gap-no\">\n\t\t\t\t\t<div class=\"elementor-column elementor-col-100 elementor-top-column elementor-element elementor-element-762ab437\" data-id=\"762ab437\" data-element_type=\"column\">\n\t\t\t<div class=\"elementor-widget-wrap elementor-element-populated\">\n\t\t\t\t\t\t\t\t<div class=\"elementor-element elementor-element-9393ead elementor-widget elementor-widget-text-editor\" data-id=\"9393ead\" data-element_type=\"widget\" data-widget_type=\"text-editor.default\">\n\t\t\t\t<div class=\"elementor-widget-container\">\n\t\t\t\t\t\t\t<p>Administratorem Twoich danych osobowych jest Padro Logistics sp\u00f3\u0142ka z ograniczona odpowiedzialno\u015bci\u0105 z siedzib\u0105 w Chrzanowie, kt\u00f3ra przetwarza Twoje dane osobowe w celu odpowiedzi na Twoje pytanie. Przys\u0142uguje Ci prawo wniesienia sprzeciwu, prawo dost\u0119pu do danych, prawo \u017c\u0105dania ich sprostowania, ich usuni\u0119cia lub ograniczenia ich przetwarzania. Wi\u0119cej informacji na temat przetwarzania Twoich danych osobowych znajdziesz w <a href=\"https:\/\/padro-logistics.eu\/polityka-prywatnosci\/\">Polityce prywatno\u015bci<\/a><\/p>\t\t\t\t\t\t<\/div>\n\t\t\t\t<\/div>\n\t\t\t\t<section class=\"elementor-section elementor-inner-section elementor-element elementor-element-14a788b elementor-section-boxed elementor-section-height-default elementor-section-height-default\" data-id=\"14a788b\" data-element_type=\"section\">\n\t\t\t\t\t\t<div class=\"elementor-container elementor-column-gap-no\">\n\t\t\t\t\t<div class=\"elementor-column elementor-col-100 elementor-inner-column elementor-element elementor-element-cbe7e23 elementor-hidden-desktop\" data-id=\"cbe7e23\" data-element_type=\"column\" data-settings=\"{&quot;background_background&quot;:&quot;gradient&quot;}\">\n\t\t\t<div class=\"elementor-widget-wrap elementor-element-populated\">\n\t\t\t\t\t\t\t\t<div class=\"elementor-element elementor-element-914526f elementor-widget elementor-widget-text-editor\" data-id=\"914526f\" data-element_type=\"widget\" data-widget_type=\"text-editor.default\">\n\t\t\t\t<div class=\"elementor-widget-container\">\n\t\t\t\t\t\t\t<div style=\"font-size: 28px; color: #ffffff;margin-bottom:16px;display;block;\"><strong style=\"font-weight: 500;\">Karriere<\/strong> <span style=\"font-weight: 300;\">in der TSL-Branche<\/span><\/div>\n<span style=\"font-size: 20px; lin\u0119-height: 37px; color: #ffffff;\">Sind Sie ein energischer und optimistischer Mensch? M\u00f6gen Sie einen Job, bei dem der Kontakt zum Kunden von zentraler Bedeutung ist?\n<span style=\"font-weight: 500;\">Trete unserem Team bei!<\/span><\/span>\t\t\t\t\t\t<\/div>\n\t\t\t\t<\/div>\n\t\t\t\t<div class=\"elementor-element elementor-element-bfea2f2 elementor-align-justify elementor-widget elementor-widget-button\" data-id=\"bfea2f2\" data-element_type=\"widget\" data-widget_type=\"button.default\">\n\t\t\t\t<div class=\"elementor-widget-container\">\n\t\t\t\t\t<div class=\"elementor-button-wrapper\">\n\t\t\t<a href=\"#\" class=\"elementor-button-link elementor-button elementor-size-sm\" role=\"button\">\n\t\t\t\t\t\t<span class=\"elementor-button-content-wrapper\">\n\t\t\t\t\t\t<span class=\"elementor-button-text\">siehe Angebote<\/span>\n\t\t<\/span>\n\t\t\t\t\t<\/a>\n\t\t<\/div>\n\t\t\t\t<\/div>\n\t\t\t\t<\/div>\n\t\t\t\t\t<\/div>\n\t\t<\/div>\n\t\t\t\t\t\t\t<\/div>\n\t\t<\/section>\n\t\t\t\t\t<\/div>\n\t\t<\/div>\n\t\t\t\t\t\t\t<\/div>\n\t\t<\/section>\n\t\t\t\t\t\t<\/div>\n\t\t\t\t\t<\/div>","protected":false},"excerpt":{"rendered":"<p>Strona g\u0142\u00f3wna > Transport i spedycja > Transport intermodalny Transport intermodalny Uzupe\u0142nieniem naszej oferty jest organizacja przesy\u0142ek z wykorzystaniem r\u00f3\u017cnych \u015brodk\u00f3w transportu dla jednego \u0142adunku, bez prze\u0142adunku i na podstawie jednej umowy przewozu. \u00a0 Jest to nowoczesny i elastyczny spos\u00f3b transportu \u0142adunk\u00f3w dostosowany do Pa\u0144stwa wymaga\u0144 i oczekiwa\u0144. Jest to najbardziej efektywny spos\u00f3b przewozu towar\u00f3w&hellip; <a class=\"more-link\" href=\"https:\/\/padro-logistics.eu\/de\/transport-i-spedycja\/transport-intermodalny\/\"><span class=\"screen-reader-text\">Intermodaler transport<\/span> weiterlesen<\/a><\/p>","protected":false},"author":1,"featured_media":0,"parent":1046,"menu_order":0,"comment_status":"closed","ping_status":"closed","template":"elementor_header_footer","meta":{"footnotes":""},"class_list":["post-1375","page","type-page","status-publish","hentry","entry"],"yoast_head":"<!-- This site is optimized with the Yoast SEO plugin v27.5 - https:\/\/yoast.com\/product\/yoast-seo-wordpress\/ -->\n<title>Transport intermodalny - Padro Logistics - Spedycja, Transport i Logistyka<\/title>\n<meta name=\"robots\" content=\"index, follow, max-snippet:-1, max-image-preview:large, max-video-preview:-1\" \/>\n<link rel=\"canonical\" href=\"https:\/\/padro-logistics.eu\/de\/transport-i-spedycja\/transport-intermodalny\/\" \/>\n<meta property=\"og:locale\" content=\"de_DE\" \/>\n<meta property=\"og:type\" content=\"article\" \/>\n<meta property=\"og:title\" content=\"Transport intermodalny - Padro Logistics - Spedycja, Transport i Logistyka\" \/>\n<meta property=\"og:description\" content=\"Strona g\u0142\u00f3wna &gt; Transport i spedycja &gt; Transport intermodalny Transport intermodalny Uzupe\u0142nieniem naszej oferty jest organizacja przesy\u0142ek z wykorzystaniem r\u00f3\u017cnych \u015brodk\u00f3w transportu dla jednego \u0142adunku, bez prze\u0142adunku i na podstawie jednej umowy przewozu. \u00a0 Jest to nowoczesny i elastyczny spos\u00f3b transportu \u0142adunk\u00f3w dostosowany do Pa\u0144stwa wymaga\u0144 i oczekiwa\u0144. Jest to najbardziej efektywny spos\u00f3b przewozu towar\u00f3w&hellip; Transport intermodalny weiterlesen\" \/>\n<meta property=\"og:url\" content=\"https:\/\/padro-logistics.eu\/de\/transport-i-spedycja\/transport-intermodalny\/\" \/>\n<meta property=\"og:site_name\" content=\"Padro Logistics - Spedycja, Transport i Logistyka\" \/>\n<meta property=\"article:modified_time\" content=\"2024-12-10T12:02:06+00:00\" \/>\n<meta property=\"og:image\" content=\"https:\/\/padro-logistics.eu\/wp-content\/uploads\/2021\/12\/Mask-Group@2x-2-1024x611.png\" \/>\n<meta name=\"twitter:card\" content=\"summary_large_image\" \/>\n<meta name=\"twitter:label1\" content=\"Gesch\u00e4tzte Lesezeit\" \/>\n\t<meta name=\"twitter:data1\" content=\"3\u00a0Minuten\" \/>\n<script type=\"application\/ld+json\" class=\"yoast-schema-graph\">{\"@context\":\"https:\\\/\\\/schema.org\",\"@graph\":[{\"@type\":\"WebPage\",\"@id\":\"https:\\\/\\\/padro-logistics.eu\\\/transport-i-spedycja\\\/transport-intermodalny\\\/\",\"url\":\"https:\\\/\\\/padro-logistics.eu\\\/transport-i-spedycja\\\/transport-intermodalny\\\/\",\"name\":\"Transport intermodalny - Padro Logistics - Spedycja, Transport i Logistyka\",\"isPartOf\":{\"@id\":\"https:\\\/\\\/padro-logistics.eu\\\/#website\"},\"primaryImageOfPage\":{\"@id\":\"https:\\\/\\\/padro-logistics.eu\\\/transport-i-spedycja\\\/transport-intermodalny\\\/#primaryimage\"},\"image\":{\"@id\":\"https:\\\/\\\/padro-logistics.eu\\\/transport-i-spedycja\\\/transport-intermodalny\\\/#primaryimage\"},\"thumbnailUrl\":\"https:\\\/\\\/padro-logistics.eu\\\/wp-content\\\/uploads\\\/2021\\\/12\\\/Mask-Group@2x-2-1024x611.png\",\"datePublished\":\"2021-12-02T19:46:22+00:00\",\"dateModified\":\"2024-12-10T12:02:06+00:00\",\"breadcrumb\":{\"@id\":\"https:\\\/\\\/padro-logistics.eu\\\/transport-i-spedycja\\\/transport-intermodalny\\\/#breadcrumb\"},\"inLanguage\":\"de\",\"potentialAction\":[{\"@type\":\"ReadAction\",\"target\":[\"https:\\\/\\\/padro-logistics.eu\\\/transport-i-spedycja\\\/transport-intermodalny\\\/\"]}]},{\"@type\":\"ImageObject\",\"inLanguage\":\"de\",\"@id\":\"https:\\\/\\\/padro-logistics.eu\\\/transport-i-spedycja\\\/transport-intermodalny\\\/#primaryimage\",\"url\":\"https:\\\/\\\/padro-logistics.eu\\\/wp-content\\\/uploads\\\/2021\\\/12\\\/Mask-Group@2x-2-1024x611.png\",\"contentUrl\":\"https:\\\/\\\/padro-logistics.eu\\\/wp-content\\\/uploads\\\/2021\\\/12\\\/Mask-Group@2x-2-1024x611.png\"},{\"@type\":\"BreadcrumbList\",\"@id\":\"https:\\\/\\\/padro-logistics.eu\\\/transport-i-spedycja\\\/transport-intermodalny\\\/#breadcrumb\",\"itemListElement\":[{\"@type\":\"ListItem\",\"position\":1,\"name\":\"Home\",\"item\":\"https:\\\/\\\/padro-logistics.eu\\\/\"},{\"@type\":\"ListItem\",\"position\":2,\"name\":\"Transport i spedycja\",\"item\":\"https:\\\/\\\/padro-logistics.eu\\\/transport-i-spedycja\\\/\"},{\"@type\":\"ListItem\",\"position\":3,\"name\":\"Transport intermodalny\"}]},{\"@type\":\"WebSite\",\"@id\":\"https:\\\/\\\/padro-logistics.eu\\\/#website\",\"url\":\"https:\\\/\\\/padro-logistics.eu\\\/\",\"name\":\"Padro Logistics - Spedycja, Transport i Logistyka\",\"description\":\"Spedycja, Transport i Logistyka\",\"publisher\":{\"@id\":\"https:\\\/\\\/padro-logistics.eu\\\/#organization\"},\"potentialAction\":[{\"@type\":\"SearchAction\",\"target\":{\"@type\":\"EntryPoint\",\"urlTemplate\":\"https:\\\/\\\/padro-logistics.eu\\\/?s={search_term_string}\"},\"query-input\":{\"@type\":\"PropertyValueSpecification\",\"valueRequired\":true,\"valueName\":\"search_term_string\"}}],\"inLanguage\":\"de\"},{\"@type\":\"Organization\",\"@id\":\"https:\\\/\\\/padro-logistics.eu\\\/#organization\",\"name\":\"Padro Logistics - Spedycja, Transport i Logistyka\",\"url\":\"https:\\\/\\\/padro-logistics.eu\\\/\",\"logo\":{\"@type\":\"ImageObject\",\"inLanguage\":\"de\",\"@id\":\"https:\\\/\\\/padro-logistics.eu\\\/#\\\/schema\\\/logo\\\/image\\\/\",\"url\":\"https:\\\/\\\/padro-logistics.eu\\\/wp-content\\\/uploads\\\/2021\\\/11\\\/header_logo-1.png\",\"contentUrl\":\"https:\\\/\\\/padro-logistics.eu\\\/wp-content\\\/uploads\\\/2021\\\/11\\\/header_logo-1.png\",\"width\":170,\"height\":115,\"caption\":\"Padro  Logistics - Spedycja, Transport i Logistyka\"},\"image\":{\"@id\":\"https:\\\/\\\/padro-logistics.eu\\\/#\\\/schema\\\/logo\\\/image\\\/\"}}]}<\/script>\n<!-- \/ Yoast SEO plugin. -->","yoast_head_json":{"title":"Transport intermodalny - Padro Logistics - Spedycja, Transport i Logistyka","robots":{"index":"index","follow":"follow","max-snippet":"max-snippet:-1","max-image-preview":"max-image-preview:large","max-video-preview":"max-video-preview:-1"},"canonical":"https:\/\/padro-logistics.eu\/de\/transport-i-spedycja\/transport-intermodalny\/","og_locale":"de_DE","og_type":"article","og_title":"Transport intermodalny - Padro Logistics - Spedycja, Transport i Logistyka","og_description":"Strona g\u0142\u00f3wna > Transport i spedycja > Transport intermodalny Transport intermodalny Uzupe\u0142nieniem naszej oferty jest organizacja przesy\u0142ek z wykorzystaniem r\u00f3\u017cnych \u015brodk\u00f3w transportu dla jednego \u0142adunku, bez prze\u0142adunku i na podstawie jednej umowy przewozu. \u00a0 Jest to nowoczesny i elastyczny spos\u00f3b transportu \u0142adunk\u00f3w dostosowany do Pa\u0144stwa wymaga\u0144 i oczekiwa\u0144. Jest to najbardziej efektywny spos\u00f3b przewozu towar\u00f3w&hellip; Transport intermodalny weiterlesen","og_url":"https:\/\/padro-logistics.eu\/de\/transport-i-spedycja\/transport-intermodalny\/","og_site_name":"Padro Logistics - Spedycja, Transport i Logistyka","article_modified_time":"2024-12-10T12:02:06+00:00","og_image":[{"url":"https:\/\/padro-logistics.eu\/wp-content\/uploads\/2021\/12\/Mask-Group@2x-2-1024x611.png","type":"","width":"","height":""}],"twitter_card":"summary_large_image","twitter_misc":{"Gesch\u00e4tzte Lesezeit":"3\u00a0Minuten"},"schema":{"@context":"https:\/\/schema.org","@graph":[{"@type":"WebPage","@id":"https:\/\/padro-logistics.eu\/transport-i-spedycja\/transport-intermodalny\/","url":"https:\/\/padro-logistics.eu\/transport-i-spedycja\/transport-intermodalny\/","name":"Transport intermodalny - Padro Logistics - Spedycja, Transport i Logistyka","isPartOf":{"@id":"https:\/\/padro-logistics.eu\/#website"},"primaryImageOfPage":{"@id":"https:\/\/padro-logistics.eu\/transport-i-spedycja\/transport-intermodalny\/#primaryimage"},"image":{"@id":"https:\/\/padro-logistics.eu\/transport-i-spedycja\/transport-intermodalny\/#primaryimage"},"thumbnailUrl":"https:\/\/padro-logistics.eu\/wp-content\/uploads\/2021\/12\/Mask-Group@2x-2-1024x611.png","datePublished":"2021-12-02T19:46:22+00:00","dateModified":"2024-12-10T12:02:06+00:00","breadcrumb":{"@id":"https:\/\/padro-logistics.eu\/transport-i-spedycja\/transport-intermodalny\/#breadcrumb"},"inLanguage":"de","potentialAction":[{"@type":"ReadAction","target":["https:\/\/padro-logistics.eu\/transport-i-spedycja\/transport-intermodalny\/"]}]},{"@type":"ImageObject","inLanguage":"de","@id":"https:\/\/padro-logistics.eu\/transport-i-spedycja\/transport-intermodalny\/#primaryimage","url":"https:\/\/padro-logistics.eu\/wp-content\/uploads\/2021\/12\/Mask-Group@2x-2-1024x611.png","contentUrl":"https:\/\/padro-logistics.eu\/wp-content\/uploads\/2021\/12\/Mask-Group@2x-2-1024x611.png"},{"@type":"BreadcrumbList","@id":"https:\/\/padro-logistics.eu\/transport-i-spedycja\/transport-intermodalny\/#breadcrumb","itemListElement":[{"@type":"ListItem","position":1,"name":"Home","item":"https:\/\/padro-logistics.eu\/"},{"@type":"ListItem","position":2,"name":"Transport i spedycja","item":"https:\/\/padro-logistics.eu\/transport-i-spedycja\/"},{"@type":"ListItem","position":3,"name":"Transport intermodalny"}]},{"@type":"WebSite","@id":"https:\/\/padro-logistics.eu\/#website","url":"https:\/\/padro-logistics.eu\/","name":"Padro Logistics - Spedycja, Transport i Logistyka","description":"Spedycja, Transport i Logistyka","publisher":{"@id":"https:\/\/padro-logistics.eu\/#organization"},"potentialAction":[{"@type":"SearchAction","target":{"@type":"EntryPoint","urlTemplate":"https:\/\/padro-logistics.eu\/?s={search_term_string}"},"query-input":{"@type":"PropertyValueSpecification","valueRequired":true,"valueName":"search_term_string"}}],"inLanguage":"de"},{"@type":"Organization","@id":"https:\/\/padro-logistics.eu\/#organization","name":"Padro Logistics - Spedycja, Transport i Logistyka","url":"https:\/\/padro-logistics.eu\/","logo":{"@type":"ImageObject","inLanguage":"de","@id":"https:\/\/padro-logistics.eu\/#\/schema\/logo\/image\/","url":"https:\/\/padro-logistics.eu\/wp-content\/uploads\/2021\/11\/header_logo-1.png","contentUrl":"https:\/\/padro-logistics.eu\/wp-content\/uploads\/2021\/11\/header_logo-1.png","width":170,"height":115,"caption":"Padro  Logistics - Spedycja, Transport i Logistyka"},"image":{"@id":"https:\/\/padro-logistics.eu\/#\/schema\/logo\/image\/"}}]}},"_links":{"self":[{"href":"https:\/\/padro-logistics.eu\/de\/wp-json\/wp\/v2\/pages\/1375","targetHints":{"allow":["GET"]}}],"collection":[{"href":"https:\/\/padro-logistics.eu\/de\/wp-json\/wp\/v2\/pages"}],"about":[{"href":"https:\/\/padro-logistics.eu\/de\/wp-json\/wp\/v2\/types\/page"}],"author":[{"embeddable":true,"href":"https:\/\/padro-logistics.eu\/de\/wp-json\/wp\/v2\/users\/1"}],"replies":[{"embeddable":true,"href":"https:\/\/padro-logistics.eu\/de\/wp-json\/wp\/v2\/comments?post=1375"}],"version-history":[{"count":43,"href":"https:\/\/padro-logistics.eu\/de\/wp-json\/wp\/v2\/pages\/1375\/revisions"}],"predecessor-version":[{"id":2491,"href":"https:\/\/padro-logistics.eu\/de\/wp-json\/wp\/v2\/pages\/1375\/revisions\/2491"}],"up":[{"embeddable":true,"href":"https:\/\/padro-logistics.eu\/de\/wp-json\/wp\/v2\/pages\/1046"}],"wp:attachment":[{"href":"https:\/\/padro-logistics.eu\/de\/wp-json\/wp\/v2\/media?parent=1375"}],"curies":[{"name":"wp","href":"https:\/\/api.w.org\/{rel}","templated":true}]}}